{"id":3624,"date":"2016-12-01T10:10:45","date_gmt":"2016-12-01T09:10:45","guid":{"rendered":"http:\/\/westdeutscher-vertriebskongress.de\/wp-wdvk\/?page_id=3624"},"modified":"2016-12-04T13:57:31","modified_gmt":"2016-12-04T12:57:31","slug":"referenten-des-norddeutschen-vertriebskongress","status":"publish","type":"page","link":"http:\/\/norddeutscher-vertriebskongress.de\/wp-ndvk\/referenten-des-norddeutschen-vertriebskongress\/","title":{"rendered":"Hochkar\u00e4tige Referenten"},"content":{"rendered":"<div id='layer_slider_1'  class='avia-layerslider main_color avia-shadow  avia-builder-el-0  el_before_av_one_full  avia-builder-el-first  container_wrap fullsize'  style='height: 151px;'  ><\/div><div id='after_layer_slider_1'  class='main_color av_default_container_wrap container_wrap fullsize'  ><div class='container av-section-cont-open' ><div class='template-page content  av-content-full alpha units'><div class='post-entry post-entry-type-page post-entry-3624'><div class='entry-content-wrapper clearfix'>\n<div class='flex_column av-av_one_full-2a9015ff38129c418a3f2eafba3e9512 av_one_full  avia-builder-el-1  el_after_av_layerslider  avia-builder-el-no-sibling  first flex_column_div '     ><section  class='av_textblock_section av-av_textblock-35972167d9f102c5ddaec0c531c98b9e'  itemscope=\"itemscope\" itemtype=\"https:\/\/schema.org\/CreativeWork\" ><div class='avia_textblock'  itemprop=\"text\" ><h2 style=\"text-align: left;\">Unsere Top-Referenten f\u00fcr hochkar\u00e4tiges Praxiswissen<\/h2>\n<p style=\"text-align: left;\">Unsere Experten aus Management\u00a0und Beratung\u00a0geben Ihnen eine F\u00fclle konkreter Handlungsempfehlungen f\u00fcr die\u00a0Optimierung Ihres Vetriebsmanagements.<\/p>\n<\/div><\/section><br \/>\n<div  class='hr av-av_hr-dcd2069817a0e3d34ae04cad8f3443c7 hr-default  avia-builder-el-3  el_after_av_textblock  el_before_av_blog '><span class='hr-inner '><span class=\"hr-inner-style\"><\/span><\/span><\/div><br \/>\n<div  class='av-alb-blogposts template-blog  av-blog-meta-author-disabled av-blog-meta-comments-disabled av-blog-meta-date-disabled av-blog-meta-html-info-disabled av-blog-meta-tag-disabled '  itemscope=\"itemscope\" itemtype=\"https:\/\/schema.org\/Blog\" ><article class=\"post-entry post-entry-type-standard post-entry-4108 post-loop-1 post-parity-odd single-small with-slider post-4108 post type-post status-publish format-standard has-post-thumbnail hentry category-uebersicht-referenten-des-norddeutschen-vertriebskongress category-referenten-2017\"  itemscope=\"itemscope\" itemtype=\"https:\/\/schema.org\/BlogPosting\" ><div class=\"blog-meta\"><a href='http:\/\/norddeutscher-vertriebskongress.de\/wp-ndvk\/archutowski-johanna\/' class='small-preview'  title=\"johanna-archutowski_sw\"   itemprop=\"image\" itemscope=\"itemscope\" itemtype=\"https:\/\/schema.org\/ImageObject\" ><img width=\"180\" height=\"180\" src=\"http:\/\/norddeutscher-vertriebskongress.de\/wp-ndvk\/wp-content\/uploads\/2017\/02\/Johanna-Archutowski_sw-180x180.jpg\" class=\"wp-image-4110 avia-img-lazy-loading-not-4110 attachment-square size-square wp-post-image\" alt=\"\" srcset=\"http:\/\/norddeutscher-vertriebskongress.de\/wp-ndvk\/wp-content\/uploads\/2017\/02\/Johanna-Archutowski_sw-180x180.jpg 180w, http:\/\/norddeutscher-vertriebskongress.de\/wp-ndvk\/wp-content\/uploads\/2017\/02\/Johanna-Archutowski_sw-80x80.jpg 80w, http:\/\/norddeutscher-vertriebskongress.de\/wp-ndvk\/wp-content\/uploads\/2017\/02\/Johanna-Archutowski_sw-36x36.jpg 36w, http:\/\/norddeutscher-vertriebskongress.de\/wp-ndvk\/wp-content\/uploads\/2017\/02\/Johanna-Archutowski_sw-120x120.jpg 120w, http:\/\/norddeutscher-vertriebskongress.de\/wp-ndvk\/wp-content\/uploads\/2017\/02\/Johanna-Archutowski_sw-450x450.jpg 450w\" sizes=\"(max-width: 180px) 100vw, 180px\" \/><span class=\"iconfont\" aria-hidden='true' data-av_icon='\ue836' data-av_iconfont='entypo-fontello'><\/span><\/a><\/div><div class='entry-content-wrapper clearfix standard-content'><header class=\"entry-content-header\"><h2 class='post-title entry-title '  itemprop=\"headline\" ><a href=\"http:\/\/norddeutscher-vertriebskongress.de\/wp-ndvk\/archutowski-johanna\/\" rel=\"bookmark\" title=\"Permanenter Link zu: Johanna Archutowski\">Johanna Archutowski<span class=\"post-format-icon minor-meta\"><\/span><\/a><\/h2><span class=\"post-meta-infos\"><span class=\"blog-categories minor-meta\">in <a href=\"http:\/\/norddeutscher-vertriebskongress.de\/wp-ndvk\/category\/uebersicht-referenten-des-norddeutschen-vertriebskongress\/\" rel=\"tag\">Referenten<\/a>, <a href=\"http:\/\/norddeutscher-vertriebskongress.de\/wp-ndvk\/category\/referenten-2017\/\" rel=\"tag\">Referenten-2017<\/a><\/span><\/span><\/header><div class=\"entry-content\"  itemprop=\"text\" ><h6><span style=\"color: #cf142b;\">Customer Excellence \u00b7\u00a0RITTAL GmbH &amp; Co. KG\u00a0\u00b7\u00a0Herborn<\/span><\/h6>\n<p>Johanna Archutowski ist Diplom-Kauffrau und seit 2013 im Gesch\u00e4ftsbereich Marketing f\u00fcr Customer Excellence bei der Rittal GmbH &#038; Co. KG verantwortlich. Zu ihrem Bereich geh\u00f6ren Themen, wie z.B. Konzeption und Durchf\u00fchrung von internationalen Kundenzufriedenheitsbefragungen, die weltweite Koordination von Aktivit\u00e4ten zur Steigerung der Kundenzufriedenheit und die unternehmensweite Beratung in Customer Excellence Themen. Zuvor war Frau Archutowski mehrere Jahre im internationalen Vertrieb und Business Development Management bei Rittal besch\u00e4ftigt.<\/p>\n<\/div><footer class=\"entry-footer\"><\/footer><div class='post_delimiter'><\/div><\/div><div class=\"post_author_timeline\"><\/div><span class='hidden'>\n\t\t\t\t<span class='av-structured-data'  itemprop=\"image\" itemscope=\"itemscope\" itemtype=\"https:\/\/schema.org\/ImageObject\" >\n\t\t\t\t\t\t<span itemprop='url'>http:\/\/norddeutscher-vertriebskongress.de\/wp-ndvk\/wp-content\/uploads\/2017\/02\/Johanna-Archutowski_sw.jpg<\/span>\n\t\t\t\t\t\t<span itemprop='height'>2398<\/span>\n\t\t\t\t\t\t<span itemprop='width'>3270<\/span>\n\t\t\t\t<\/span>\n\t\t\t\t<span class='av-structured-data'  itemprop=\"publisher\" itemtype=\"https:\/\/schema.org\/Organization\" itemscope=\"itemscope\" >\n\t\t\t\t\t\t<span itemprop='name'>wp_admin<\/span>\n\t\t\t\t\t\t<span itemprop='logo' itemscope itemtype='https:\/\/schema.org\/ImageObject'>\n\t\t\t\t\t\t\t<span itemprop='url'>http:\/\/norddeutscher-vertriebskongress.de\/wp-ndvk\/wp-content\/uploads\/2016\/12\/NDVK-2017-Header-blau-148.png<\/span>\n\t\t\t\t\t\t <\/span>\n\t\t\t\t<\/span><span class='av-structured-data'  itemprop=\"author\" itemscope=\"itemscope\" itemtype=\"https:\/\/schema.org\/Person\" ><span itemprop='name'>wp_admin<\/span><\/span><span class='av-structured-data'  itemprop=\"datePublished\" datetime=\"2017-02-21T14:42:44+01:00\" >2017-02-21 14:42:44<\/span><span class='av-structured-data'  itemprop=\"dateModified\" itemtype=\"https:\/\/schema.org\/dateModified\" >2017-02-21 14:47:11<\/span><span class='av-structured-data'  itemprop=\"mainEntityOfPage\" itemtype=\"https:\/\/schema.org\/mainEntityOfPage\" ><span itemprop='name'>Johanna Archutowski<\/span><\/span><\/span><\/article><article class=\"post-entry post-entry-type-standard post-entry-4042 post-loop-2 post-parity-even single-small with-slider post-4042 post type-post status-publish format-standard has-post-thumbnail hentry category-uebersicht-referenten-des-norddeutschen-vertriebskongress category-referenten-2017\"  itemscope=\"itemscope\" itemtype=\"https:\/\/schema.org\/BlogPosting\" ><div class=\"blog-meta\"><a href='http:\/\/norddeutscher-vertriebskongress.de\/wp-ndvk\/bogdahn-thomas\/' class='small-preview'  title=\"Thomas Bogdahn\"   itemprop=\"image\" itemscope=\"itemscope\" itemtype=\"https:\/\/schema.org\/ImageObject\" ><img width=\"180\" height=\"180\" src=\"http:\/\/norddeutscher-vertriebskongress.de\/wp-ndvk\/wp-content\/uploads\/2016\/12\/Bogdahn-180x180.jpg\" class=\"wp-image-4079 avia-img-lazy-loading-not-4079 attachment-square size-square wp-post-image\" alt=\"\" srcset=\"http:\/\/norddeutscher-vertriebskongress.de\/wp-ndvk\/wp-content\/uploads\/2016\/12\/Bogdahn-180x180.jpg 180w, http:\/\/norddeutscher-vertriebskongress.de\/wp-ndvk\/wp-content\/uploads\/2016\/12\/Bogdahn-80x80.jpg 80w, http:\/\/norddeutscher-vertriebskongress.de\/wp-ndvk\/wp-content\/uploads\/2016\/12\/Bogdahn-36x36.jpg 36w, http:\/\/norddeutscher-vertriebskongress.de\/wp-ndvk\/wp-content\/uploads\/2016\/12\/Bogdahn-120x120.jpg 120w, http:\/\/norddeutscher-vertriebskongress.de\/wp-ndvk\/wp-content\/uploads\/2016\/12\/Bogdahn.jpg 200w\" sizes=\"(max-width: 180px) 100vw, 180px\" \/><span class=\"iconfont\" aria-hidden='true' data-av_icon='\ue836' data-av_iconfont='entypo-fontello'><\/span><\/a><\/div><div class='entry-content-wrapper clearfix standard-content'><header class=\"entry-content-header\"><h2 class='post-title entry-title '  itemprop=\"headline\" ><a href=\"http:\/\/norddeutscher-vertriebskongress.de\/wp-ndvk\/bogdahn-thomas\/\" rel=\"bookmark\" title=\"Permanenter Link zu: Thomas Bogdahn\">Thomas Bogdahn<span class=\"post-format-icon minor-meta\"><\/span><\/a><\/h2><span class=\"post-meta-infos\"><span class=\"blog-categories minor-meta\">in <a href=\"http:\/\/norddeutscher-vertriebskongress.de\/wp-ndvk\/category\/uebersicht-referenten-des-norddeutschen-vertriebskongress\/\" rel=\"tag\">Referenten<\/a>, <a href=\"http:\/\/norddeutscher-vertriebskongress.de\/wp-ndvk\/category\/referenten-2017\/\" rel=\"tag\">Referenten-2017<\/a><\/span><\/span><\/header><div class=\"entry-content\"  itemprop=\"text\" ><h6><span style=\"color: #cf142b;\">Partner\u00a0\u00b7\u00a0Mercuri International Deutschland GmbH \u00b7 Meerbusch<\/span><\/h6>\n<p>Thomas Bogdahn ist auf die Entwicklung und Umsetzung von Vertriebsstrategien und -konzepten spezialisiert. Sein T\u00e4tigkeitsschwerpunkt umfasst insbesondere die Themenbereiche Key Account Management, F\u00fchrung, Verhandlungstechniken und Value Selling. Er verf\u00fcgt \u00fcber umfangreiche Erfahrung in der Beratung von Unternehmen unterschiedlicher Branchen und Gr\u00f6\u00dfen. Nach seinem Studium der Betriebswirtschaftslehre und vor seinem Eintritt bei Mercuri International arbeitete Thomas Bogdahn einige Jahre in verschiedenen Vertriebsfunktionen in der Industrie.<\/p>\n<\/div><footer class=\"entry-footer\"><\/footer><div class='post_delimiter'><\/div><\/div><div class=\"post_author_timeline\"><\/div><span class='hidden'>\n\t\t\t\t<span class='av-structured-data'  itemprop=\"image\" itemscope=\"itemscope\" itemtype=\"https:\/\/schema.org\/ImageObject\" >\n\t\t\t\t\t\t<span itemprop='url'>http:\/\/norddeutscher-vertriebskongress.de\/wp-ndvk\/wp-content\/uploads\/2016\/12\/Bogdahn.jpg<\/span>\n\t\t\t\t\t\t<span itemprop='height'>200<\/span>\n\t\t\t\t\t\t<span itemprop='width'>200<\/span>\n\t\t\t\t<\/span>\n\t\t\t\t<span class='av-structured-data'  itemprop=\"publisher\" itemtype=\"https:\/\/schema.org\/Organization\" itemscope=\"itemscope\" >\n\t\t\t\t\t\t<span itemprop='name'>wp_admin<\/span>\n\t\t\t\t\t\t<span itemprop='logo' itemscope itemtype='https:\/\/schema.org\/ImageObject'>\n\t\t\t\t\t\t\t<span itemprop='url'>http:\/\/norddeutscher-vertriebskongress.de\/wp-ndvk\/wp-content\/uploads\/2016\/12\/NDVK-2017-Header-blau-148.png<\/span>\n\t\t\t\t\t\t <\/span>\n\t\t\t\t<\/span><span class='av-structured-data'  itemprop=\"author\" itemscope=\"itemscope\" itemtype=\"https:\/\/schema.org\/Person\" ><span itemprop='name'>wp_admin<\/span><\/span><span class='av-structured-data'  itemprop=\"datePublished\" datetime=\"2016-12-04T13:44:01+01:00\" >2016-12-04 13:44:01<\/span><span class='av-structured-data'  itemprop=\"dateModified\" itemtype=\"https:\/\/schema.org\/dateModified\" >2016-12-04 14:28:58<\/span><span class='av-structured-data'  itemprop=\"mainEntityOfPage\" itemtype=\"https:\/\/schema.org\/mainEntityOfPage\" ><span itemprop='name'>Thomas Bogdahn<\/span><\/span><\/span><\/article><article class=\"post-entry post-entry-type-standard post-entry-4046 post-loop-3 post-parity-odd single-small with-slider post-4046 post type-post status-publish format-standard has-post-thumbnail hentry category-uebersicht-referenten-des-norddeutschen-vertriebskongress category-referenten-2017\"  itemscope=\"itemscope\" itemtype=\"https:\/\/schema.org\/BlogPosting\" ><div class=\"blog-meta\"><a href='http:\/\/norddeutscher-vertriebskongress.de\/wp-ndvk\/dahl-christoph\/' class='small-preview'  title=\"christoph-dahl\"   itemprop=\"image\" itemscope=\"itemscope\" itemtype=\"https:\/\/schema.org\/ImageObject\" ><img width=\"180\" height=\"180\" src=\"http:\/\/norddeutscher-vertriebskongress.de\/wp-ndvk\/wp-content\/uploads\/2016\/12\/Christoph-Dahl-180x180.jpg\" class=\"wp-image-4070 avia-img-lazy-loading-not-4070 attachment-square size-square wp-post-image\" alt=\"\" srcset=\"http:\/\/norddeutscher-vertriebskongress.de\/wp-ndvk\/wp-content\/uploads\/2016\/12\/Christoph-Dahl-180x180.jpg 180w, http:\/\/norddeutscher-vertriebskongress.de\/wp-ndvk\/wp-content\/uploads\/2016\/12\/Christoph-Dahl-80x80.jpg 80w, http:\/\/norddeutscher-vertriebskongress.de\/wp-ndvk\/wp-content\/uploads\/2016\/12\/Christoph-Dahl-36x36.jpg 36w, http:\/\/norddeutscher-vertriebskongress.de\/wp-ndvk\/wp-content\/uploads\/2016\/12\/Christoph-Dahl-120x120.jpg 120w, http:\/\/norddeutscher-vertriebskongress.de\/wp-ndvk\/wp-content\/uploads\/2016\/12\/Christoph-Dahl-450x450.jpg 450w\" sizes=\"(max-width: 180px) 100vw, 180px\" \/><span class=\"iconfont\" aria-hidden='true' data-av_icon='\ue836' data-av_iconfont='entypo-fontello'><\/span><\/a><\/div><div class='entry-content-wrapper clearfix standard-content'><header class=\"entry-content-header\"><h2 class='post-title entry-title '  itemprop=\"headline\" ><a href=\"http:\/\/norddeutscher-vertriebskongress.de\/wp-ndvk\/dahl-christoph\/\" rel=\"bookmark\" title=\"Permanenter Link zu: Christoph Dahl\">Christoph Dahl<span class=\"post-format-icon minor-meta\"><\/span><\/a><\/h2><span class=\"post-meta-infos\"><span class=\"blog-categories minor-meta\">in <a href=\"http:\/\/norddeutscher-vertriebskongress.de\/wp-ndvk\/category\/uebersicht-referenten-des-norddeutschen-vertriebskongress\/\" rel=\"tag\">Referenten<\/a>, <a href=\"http:\/\/norddeutscher-vertriebskongress.de\/wp-ndvk\/category\/referenten-2017\/\" rel=\"tag\">Referenten-2017<\/a><\/span><\/span><\/header><div class=\"entry-content\"  itemprop=\"text\" ><h6><span style=\"color: #cf142b;\">LL.M. (Wellington)\u00a0\u00b7\u00a0Legal Counsel Compliance Office\u00a0\u00b7\u00a0SCHOTT AG\u00a0\u00b7\u00a0Mainz<\/span><\/h6>\n<p>Christoph Dahl ist Rechtsanwalt und Legal Counsel im Compliance Office der SCHOTT AG. Dort ist er zust\u00e4ndig f\u00fcr die Erarbeitung von Compliance-Richtlinien und die damit verbundene nachhaltige Umsetzung und Weiterentwicklung des bei SCHOTT bestehenden konzernweiten Compliance-Systems. Zuvor war er im Bereich IP, Datenschutz und Compliance bei einer internationalen Wirtschaftskanzlei in Frankfurt\/M. t\u00e4tig.<\/p>\n<\/div><footer class=\"entry-footer\"><\/footer><div class='post_delimiter'><\/div><\/div><div class=\"post_author_timeline\"><\/div><span class='hidden'>\n\t\t\t\t<span class='av-structured-data'  itemprop=\"image\" itemscope=\"itemscope\" itemtype=\"https:\/\/schema.org\/ImageObject\" >\n\t\t\t\t\t\t<span itemprop='url'>http:\/\/norddeutscher-vertriebskongress.de\/wp-ndvk\/wp-content\/uploads\/2016\/12\/Christoph-Dahl.jpg<\/span>\n\t\t\t\t\t\t<span itemprop='height'>953<\/span>\n\t\t\t\t\t\t<span itemprop='width'>785<\/span>\n\t\t\t\t<\/span>\n\t\t\t\t<span class='av-structured-data'  itemprop=\"publisher\" itemtype=\"https:\/\/schema.org\/Organization\" itemscope=\"itemscope\" >\n\t\t\t\t\t\t<span itemprop='name'>wp_admin<\/span>\n\t\t\t\t\t\t<span itemprop='logo' itemscope itemtype='https:\/\/schema.org\/ImageObject'>\n\t\t\t\t\t\t\t<span itemprop='url'>http:\/\/norddeutscher-vertriebskongress.de\/wp-ndvk\/wp-content\/uploads\/2016\/12\/NDVK-2017-Header-blau-148.png<\/span>\n\t\t\t\t\t\t <\/span>\n\t\t\t\t<\/span><span class='av-structured-data'  itemprop=\"author\" itemscope=\"itemscope\" itemtype=\"https:\/\/schema.org\/Person\" ><span itemprop='name'>wp_admin<\/span><\/span><span class='av-structured-data'  itemprop=\"datePublished\" datetime=\"2016-12-04T13:49:38+01:00\" >2016-12-04 13:49:38<\/span><span class='av-structured-data'  itemprop=\"dateModified\" itemtype=\"https:\/\/schema.org\/dateModified\" >2016-12-04 14:28:43<\/span><span class='av-structured-data'  itemprop=\"mainEntityOfPage\" itemtype=\"https:\/\/schema.org\/mainEntityOfPage\" ><span itemprop='name'>Christoph Dahl<\/span><\/span><\/span><\/article><article class=\"post-entry post-entry-type-standard post-entry-4047 post-loop-4 post-parity-even single-small with-slider post-4047 post type-post status-publish format-standard has-post-thumbnail hentry category-uebersicht-referenten-des-norddeutschen-vertriebskongress category-referenten-2017\"  itemscope=\"itemscope\" itemtype=\"https:\/\/schema.org\/BlogPosting\" ><div class=\"blog-meta\"><a href='http:\/\/norddeutscher-vertriebskongress.de\/wp-ndvk\/markowski-udo\/' class='small-preview'  title=\"dr-udo-markowski\"   itemprop=\"image\" itemscope=\"itemscope\" itemtype=\"https:\/\/schema.org\/ImageObject\" ><img width=\"180\" height=\"180\" src=\"http:\/\/norddeutscher-vertriebskongress.de\/wp-ndvk\/wp-content\/uploads\/2016\/12\/Dr-Udo-Markowski-180x180.jpg\" class=\"wp-image-4072 avia-img-lazy-loading-not-4072 attachment-square size-square wp-post-image\" alt=\"\" srcset=\"http:\/\/norddeutscher-vertriebskongress.de\/wp-ndvk\/wp-content\/uploads\/2016\/12\/Dr-Udo-Markowski-180x180.jpg 180w, http:\/\/norddeutscher-vertriebskongress.de\/wp-ndvk\/wp-content\/uploads\/2016\/12\/Dr-Udo-Markowski-80x80.jpg 80w, http:\/\/norddeutscher-vertriebskongress.de\/wp-ndvk\/wp-content\/uploads\/2016\/12\/Dr-Udo-Markowski-36x36.jpg 36w, http:\/\/norddeutscher-vertriebskongress.de\/wp-ndvk\/wp-content\/uploads\/2016\/12\/Dr-Udo-Markowski-120x120.jpg 120w\" sizes=\"(max-width: 180px) 100vw, 180px\" \/><span class=\"iconfont\" aria-hidden='true' data-av_icon='\ue836' data-av_iconfont='entypo-fontello'><\/span><\/a><\/div><div class='entry-content-wrapper clearfix standard-content'><header class=\"entry-content-header\"><h2 class='post-title entry-title '  itemprop=\"headline\" ><a href=\"http:\/\/norddeutscher-vertriebskongress.de\/wp-ndvk\/markowski-udo\/\" rel=\"bookmark\" title=\"Permanenter Link zu: Dr. Udo Markowski\">Dr. Udo Markowski<span class=\"post-format-icon minor-meta\"><\/span><\/a><\/h2><span class=\"post-meta-infos\"><span class=\"blog-categories minor-meta\">in <a href=\"http:\/\/norddeutscher-vertriebskongress.de\/wp-ndvk\/category\/uebersicht-referenten-des-norddeutschen-vertriebskongress\/\" rel=\"tag\">Referenten<\/a>, <a href=\"http:\/\/norddeutscher-vertriebskongress.de\/wp-ndvk\/category\/referenten-2017\/\" rel=\"tag\">Referenten-2017<\/a><\/span><\/span><\/header><div class=\"entry-content\"  itemprop=\"text\" ><h6><span style=\"color: #cf142b;\">Vice President Schaeffler Industrial\u00a0\u00b7\u00a0Schaeffler Technologies AG &amp; Co. KG\u00a0\u00b7\u00a0Schweinfurt<\/span><\/h6>\n<p>Dr. Markowski ist studierter Wirtschafts- und Sozialwissenschaftler. Er startete seine Karriere bei der FAG. Wichtige Stationen im In- und Ausland umfassten die Leitung des Vertriebs S\u00fcdeuropa, des Produktbereichs Lineartechnik sowie des Bereichs Spindel- und Werkzeugmaschinenlager. Nach der Akquisition von FAG durch die Schaeffler Gruppe \u00fcbernahm er eines von vier weltweit agierenden Branchenmanagements. Seit 2010 ist er verantwortlich f\u00fcr das Key Account Management von Schaeffler Industrial.<\/p>\n<\/div><footer class=\"entry-footer\"><\/footer><div class='post_delimiter'><\/div><\/div><div class=\"post_author_timeline\"><\/div><span class='hidden'>\n\t\t\t\t<span class='av-structured-data'  itemprop=\"image\" itemscope=\"itemscope\" itemtype=\"https:\/\/schema.org\/ImageObject\" >\n\t\t\t\t\t\t<span itemprop='url'>http:\/\/norddeutscher-vertriebskongress.de\/wp-ndvk\/wp-content\/uploads\/2016\/12\/Dr-Udo-Markowski.jpg<\/span>\n\t\t\t\t\t\t<span itemprop='height'>591<\/span>\n\t\t\t\t\t\t<span itemprop='width'>392<\/span>\n\t\t\t\t<\/span>\n\t\t\t\t<span class='av-structured-data'  itemprop=\"publisher\" itemtype=\"https:\/\/schema.org\/Organization\" itemscope=\"itemscope\" >\n\t\t\t\t\t\t<span itemprop='name'>wp_admin<\/span>\n\t\t\t\t\t\t<span itemprop='logo' itemscope itemtype='https:\/\/schema.org\/ImageObject'>\n\t\t\t\t\t\t\t<span itemprop='url'>http:\/\/norddeutscher-vertriebskongress.de\/wp-ndvk\/wp-content\/uploads\/2016\/12\/NDVK-2017-Header-blau-148.png<\/span>\n\t\t\t\t\t\t <\/span>\n\t\t\t\t<\/span><span class='av-structured-data'  itemprop=\"author\" itemscope=\"itemscope\" itemtype=\"https:\/\/schema.org\/Person\" ><span itemprop='name'>wp_admin<\/span><\/span><span class='av-structured-data'  itemprop=\"datePublished\" datetime=\"2016-12-04T13:50:18+01:00\" >2016-12-04 13:50:18<\/span><span class='av-structured-data'  itemprop=\"dateModified\" itemtype=\"https:\/\/schema.org\/dateModified\" >2016-12-04 14:28:30<\/span><span class='av-structured-data'  itemprop=\"mainEntityOfPage\" itemtype=\"https:\/\/schema.org\/mainEntityOfPage\" ><span itemprop='name'>Dr. Udo Markowski<\/span><\/span><\/span><\/article><article class=\"post-entry post-entry-type-standard post-entry-4098 post-loop-5 post-parity-odd single-small  post-4098 post type-post status-publish format-standard hentry category-uebersicht-referenten-des-norddeutschen-vertriebskongress category-referenten-2017\"  itemscope=\"itemscope\" itemtype=\"https:\/\/schema.org\/BlogPosting\" ><div class=\"blog-meta\"><a href='http:\/\/norddeutscher-vertriebskongress.de\/wp-ndvk\/mueller-christoph-hilti\/' class='small-preview'  title=\"Christoph M\u00fcller\"   itemprop=\"image\" itemscope=\"itemscope\" itemtype=\"https:\/\/schema.org\/ImageObject\" ><span class=\"iconfont\" aria-hidden='true' data-av_icon='\ue836' data-av_iconfont='entypo-fontello'><\/span><\/a><\/div><div class='entry-content-wrapper clearfix standard-content'><header class=\"entry-content-header\"><h2 class='post-title entry-title '  itemprop=\"headline\" ><a href=\"http:\/\/norddeutscher-vertriebskongress.de\/wp-ndvk\/mueller-christoph-hilti\/\" rel=\"bookmark\" title=\"Permanenter Link zu: Christoph M\u00fcller\">Christoph M\u00fcller<span class=\"post-format-icon minor-meta\"><\/span><\/a><\/h2><span class=\"post-meta-infos\"><span class=\"blog-categories minor-meta\">in <a href=\"http:\/\/norddeutscher-vertriebskongress.de\/wp-ndvk\/category\/uebersicht-referenten-des-norddeutschen-vertriebskongress\/\" rel=\"tag\">Referenten<\/a>, <a href=\"http:\/\/norddeutscher-vertriebskongress.de\/wp-ndvk\/category\/referenten-2017\/\" rel=\"tag\">Referenten-2017<\/a><\/span><\/span><\/header><div class=\"entry-content\"  itemprop=\"text\" ><h6><span style=\"color: #cf142b;\">Gebietsleiter Nord-West und Prokurist \u00b7 Hilti Deutschland AG \u00b7 Kaufering<\/span><\/h6>\n<p>Nach seinem Studium des Wirtschaftsingenieurwesens an der Universit\u00e4t Karlsruhe (TH) begann Christoph M\u00fcller 2001 seine Karriere bei Hilti im Bereich Controlling Werke Deutschland. Es folgte ein Einsatz im Controlling Headquarter\/Plants der Hilti Zentrale in Schaan (Liechtenstein). 2006 kehrte er zu Hilti Deutschland zur\u00fcck und wurde zun\u00e4chst Senior Finance Business Partner, sp\u00e4ter Verkaufsleiter Elektro. Seine jetzige Position bekleidet er seit 2011<\/p>\n<\/div><footer class=\"entry-footer\"><\/footer><div class='post_delimiter'><\/div><\/div><div class=\"post_author_timeline\"><\/div><span class='hidden'>\n\t\t\t\t<span class='av-structured-data'  itemprop=\"image\" itemscope=\"itemscope\" itemtype=\"https:\/\/schema.org\/ImageObject\" >\n\t\t\t\t\t\t<span itemprop='url'>http:\/\/norddeutscher-vertriebskongress.de\/wp-ndvk\/wp-content\/uploads\/2016\/12\/NDVK-2017-Header-blau-148.png<\/span>\n\t\t\t\t\t\t<span itemprop='height'>0<\/span>\n\t\t\t\t\t\t<span itemprop='width'>0<\/span>\n\t\t\t\t<\/span>\n\t\t\t\t<span class='av-structured-data'  itemprop=\"publisher\" itemtype=\"https:\/\/schema.org\/Organization\" itemscope=\"itemscope\" >\n\t\t\t\t\t\t<span itemprop='name'>wp_admin<\/span>\n\t\t\t\t\t\t<span itemprop='logo' itemscope itemtype='https:\/\/schema.org\/ImageObject'>\n\t\t\t\t\t\t\t<span itemprop='url'>http:\/\/norddeutscher-vertriebskongress.de\/wp-ndvk\/wp-content\/uploads\/2016\/12\/NDVK-2017-Header-blau-148.png<\/span>\n\t\t\t\t\t\t <\/span>\n\t\t\t\t<\/span><span class='av-structured-data'  itemprop=\"author\" itemscope=\"itemscope\" itemtype=\"https:\/\/schema.org\/Person\" ><span itemprop='name'>wp_admin<\/span><\/span><span class='av-structured-data'  itemprop=\"datePublished\" datetime=\"2016-12-09T08:24:14+01:00\" >2016-12-09 08:24:14<\/span><span class='av-structured-data'  itemprop=\"dateModified\" itemtype=\"https:\/\/schema.org\/dateModified\" >2016-12-12 11:28:45<\/span><span class='av-structured-data'  itemprop=\"mainEntityOfPage\" itemtype=\"https:\/\/schema.org\/mainEntityOfPage\" ><span itemprop='name'>Christoph M\u00fcller<\/span><\/span><\/span><\/article><article class=\"post-entry post-entry-type-standard post-entry-4052 post-loop-6 post-parity-even single-small with-slider post-4052 post type-post status-publish format-standard has-post-thumbnail hentry category-uebersicht-referenten-des-norddeutschen-vertriebskongress category-referenten-2017\"  itemscope=\"itemscope\" itemtype=\"https:\/\/schema.org\/BlogPosting\" ><div class=\"blog-meta\"><a href='http:\/\/norddeutscher-vertriebskongress.de\/wp-ndvk\/niederhagen-sascha\/' class='small-preview'  title=\"stefan-niederhagen\"   itemprop=\"image\" itemscope=\"itemscope\" itemtype=\"https:\/\/schema.org\/ImageObject\" ><img width=\"180\" height=\"180\" src=\"http:\/\/norddeutscher-vertriebskongress.de\/wp-ndvk\/wp-content\/uploads\/2016\/12\/Stefan-Niederhagen-180x180.jpg\" class=\"wp-image-4096 avia-img-lazy-loading-not-4096 attachment-square size-square wp-post-image\" alt=\"\" srcset=\"http:\/\/norddeutscher-vertriebskongress.de\/wp-ndvk\/wp-content\/uploads\/2016\/12\/Stefan-Niederhagen-180x180.jpg 180w, http:\/\/norddeutscher-vertriebskongress.de\/wp-ndvk\/wp-content\/uploads\/2016\/12\/Stefan-Niederhagen-80x80.jpg 80w, http:\/\/norddeutscher-vertriebskongress.de\/wp-ndvk\/wp-content\/uploads\/2016\/12\/Stefan-Niederhagen-300x300.jpg 300w, http:\/\/norddeutscher-vertriebskongress.de\/wp-ndvk\/wp-content\/uploads\/2016\/12\/Stefan-Niederhagen-36x36.jpg 36w, http:\/\/norddeutscher-vertriebskongress.de\/wp-ndvk\/wp-content\/uploads\/2016\/12\/Stefan-Niederhagen-120x120.jpg 120w, http:\/\/norddeutscher-vertriebskongress.de\/wp-ndvk\/wp-content\/uploads\/2016\/12\/Stefan-Niederhagen-450x450.jpg 450w, http:\/\/norddeutscher-vertriebskongress.de\/wp-ndvk\/wp-content\/uploads\/2016\/12\/Stefan-Niederhagen.jpg 524w\" sizes=\"(max-width: 180px) 100vw, 180px\" \/><span class=\"iconfont\" aria-hidden='true' data-av_icon='\ue836' data-av_iconfont='entypo-fontello'><\/span><\/a><\/div><div class='entry-content-wrapper clearfix standard-content'><header class=\"entry-content-header\"><h2 class='post-title entry-title '  itemprop=\"headline\" ><a href=\"http:\/\/norddeutscher-vertriebskongress.de\/wp-ndvk\/niederhagen-sascha\/\" rel=\"bookmark\" title=\"Permanenter Link zu: Sascha D. Niederhagen\">Sascha D. Niederhagen<span class=\"post-format-icon minor-meta\"><\/span><\/a><\/h2><span class=\"post-meta-infos\"><span class=\"blog-categories minor-meta\">in <a href=\"http:\/\/norddeutscher-vertriebskongress.de\/wp-ndvk\/category\/uebersicht-referenten-des-norddeutschen-vertriebskongress\/\" rel=\"tag\">Referenten<\/a>, <a href=\"http:\/\/norddeutscher-vertriebskongress.de\/wp-ndvk\/category\/referenten-2017\/\" rel=\"tag\">Referenten-2017<\/a><\/span><\/span><\/header><div class=\"entry-content\"  itemprop=\"text\" ><h6><span style=\"color: #cf142b;\">Mitglied der Gesch\u00e4ftsleitung und des internationalen Management Boards Sales &amp; Service sowie Leiter des Corporate Department Corporate Customer Fulfillment\u00a0\u00b7\u00a0SICK AG\u00a0\u00b7\u00a0Waldkirch i. Br.<\/span><\/h6>\n<p>Sascha Niederhagen begann seinen Werdegang bei Sick Anfang 2009 als Vertriebsleiter Deutschland f\u00fcr die SICK Vertriebs-GmbH und war von 2013 bis 2014 als Head of Corporate Solution Center Factory Automation bereits f\u00fcr das internationale Key Account Management der SICK AG zust\u00e4ndig. 2014 wurde er in die Gesch\u00e4ftsleitung berufen. Vor seiner T\u00e4tigkeit bei SICK war er 2007 und 2008 als Vertriebsleiter bei der Videojet Technologies GmbH \/ Danaher Corporation t\u00e4tig. Er startete seine Karriere bei der KEYENCE Deutschland GmbH, wo er von 2003 bis 2006 in mehreren Vertriebspositionen und als Vertriebsleiter im Bereich Messtechnik &amp; Sensorik verantwortlich war.<\/p>\n<\/div><footer class=\"entry-footer\"><\/footer><div class='post_delimiter'><\/div><\/div><div class=\"post_author_timeline\"><\/div><span class='hidden'>\n\t\t\t\t<span class='av-structured-data'  itemprop=\"image\" itemscope=\"itemscope\" itemtype=\"https:\/\/schema.org\/ImageObject\" >\n\t\t\t\t\t\t<span itemprop='url'>http:\/\/norddeutscher-vertriebskongress.de\/wp-ndvk\/wp-content\/uploads\/2016\/12\/Stefan-Niederhagen.jpg<\/span>\n\t\t\t\t\t\t<span itemprop='height'>524<\/span>\n\t\t\t\t\t\t<span itemprop='width'>524<\/span>\n\t\t\t\t<\/span>\n\t\t\t\t<span class='av-structured-data'  itemprop=\"publisher\" itemtype=\"https:\/\/schema.org\/Organization\" itemscope=\"itemscope\" >\n\t\t\t\t\t\t<span itemprop='name'>wp_admin<\/span>\n\t\t\t\t\t\t<span itemprop='logo' itemscope itemtype='https:\/\/schema.org\/ImageObject'>\n\t\t\t\t\t\t\t<span itemprop='url'>http:\/\/norddeutscher-vertriebskongress.de\/wp-ndvk\/wp-content\/uploads\/2016\/12\/NDVK-2017-Header-blau-148.png<\/span>\n\t\t\t\t\t\t <\/span>\n\t\t\t\t<\/span><span class='av-structured-data'  itemprop=\"author\" itemscope=\"itemscope\" itemtype=\"https:\/\/schema.org\/Person\" ><span itemprop='name'>wp_admin<\/span><\/span><span class='av-structured-data'  itemprop=\"datePublished\" datetime=\"2016-12-04T13:52:19+01:00\" >2016-12-04 13:52:19<\/span><span class='av-structured-data'  itemprop=\"dateModified\" itemtype=\"https:\/\/schema.org\/dateModified\" >2016-12-07 14:51:12<\/span><span class='av-structured-data'  itemprop=\"mainEntityOfPage\" itemtype=\"https:\/\/schema.org\/mainEntityOfPage\" ><span itemprop='name'>Sascha D. Niederhagen<\/span><\/span><\/span><\/article><article class=\"post-entry post-entry-type-standard post-entry-4053 post-loop-7 post-parity-odd single-small with-slider post-4053 post type-post status-publish format-standard has-post-thumbnail hentry category-uebersicht-referenten-des-norddeutschen-vertriebskongress category-referenten-2017\"  itemscope=\"itemscope\" itemtype=\"https:\/\/schema.org\/BlogPosting\" ><div class=\"blog-meta\"><a href='http:\/\/norddeutscher-vertriebskongress.de\/wp-ndvk\/piotrowski-frank\/' class='small-preview'  title=\"de-piotrowski-frank\"   itemprop=\"image\" itemscope=\"itemscope\" itemtype=\"https:\/\/schema.org\/ImageObject\" ><img width=\"180\" height=\"180\" src=\"http:\/\/norddeutscher-vertriebskongress.de\/wp-ndvk\/wp-content\/uploads\/2016\/12\/DE-Piotrowski-Frank-180x180.jpg\" class=\"wp-image-4084 avia-img-lazy-loading-not-4084 attachment-square size-square wp-post-image\" alt=\"\" srcset=\"http:\/\/norddeutscher-vertriebskongress.de\/wp-ndvk\/wp-content\/uploads\/2016\/12\/DE-Piotrowski-Frank-180x180.jpg 180w, http:\/\/norddeutscher-vertriebskongress.de\/wp-ndvk\/wp-content\/uploads\/2016\/12\/DE-Piotrowski-Frank-80x80.jpg 80w, http:\/\/norddeutscher-vertriebskongress.de\/wp-ndvk\/wp-content\/uploads\/2016\/12\/DE-Piotrowski-Frank-300x300.jpg 300w, http:\/\/norddeutscher-vertriebskongress.de\/wp-ndvk\/wp-content\/uploads\/2016\/12\/DE-Piotrowski-Frank-768x768.jpg 768w, http:\/\/norddeutscher-vertriebskongress.de\/wp-ndvk\/wp-content\/uploads\/2016\/12\/DE-Piotrowski-Frank-1030x1030.jpg 1030w, http:\/\/norddeutscher-vertriebskongress.de\/wp-ndvk\/wp-content\/uploads\/2016\/12\/DE-Piotrowski-Frank-36x36.jpg 36w, http:\/\/norddeutscher-vertriebskongress.de\/wp-ndvk\/wp-content\/uploads\/2016\/12\/DE-Piotrowski-Frank-1500x1500.jpg 1500w, http:\/\/norddeutscher-vertriebskongress.de\/wp-ndvk\/wp-content\/uploads\/2016\/12\/DE-Piotrowski-Frank-705x705.jpg 705w, http:\/\/norddeutscher-vertriebskongress.de\/wp-ndvk\/wp-content\/uploads\/2016\/12\/DE-Piotrowski-Frank-120x120.jpg 120w, http:\/\/norddeutscher-vertriebskongress.de\/wp-ndvk\/wp-content\/uploads\/2016\/12\/DE-Piotrowski-Frank-450x450.jpg 450w\" sizes=\"(max-width: 180px) 100vw, 180px\" \/><span class=\"iconfont\" aria-hidden='true' data-av_icon='\ue836' data-av_iconfont='entypo-fontello'><\/span><\/a><\/div><div class='entry-content-wrapper clearfix standard-content'><header class=\"entry-content-header\"><h2 class='post-title entry-title '  itemprop=\"headline\" ><a href=\"http:\/\/norddeutscher-vertriebskongress.de\/wp-ndvk\/piotrowski-frank\/\" rel=\"bookmark\" title=\"Permanenter Link zu: Frank Piotrowski\">Frank Piotrowski<span class=\"post-format-icon minor-meta\"><\/span><\/a><\/h2><span class=\"post-meta-infos\"><span class=\"blog-categories minor-meta\">in <a href=\"http:\/\/norddeutscher-vertriebskongress.de\/wp-ndvk\/category\/uebersicht-referenten-des-norddeutschen-vertriebskongress\/\" rel=\"tag\">Referenten<\/a>, <a href=\"http:\/\/norddeutscher-vertriebskongress.de\/wp-ndvk\/category\/referenten-2017\/\" rel=\"tag\">Referenten-2017<\/a><\/span><\/span><\/header><div class=\"entry-content\"  itemprop=\"text\" ><h6><span style=\"color: #cf142b;\">Vertriebsleiter Norddeutschland\u00a0\u00b7\u00a0VEGA Grieshaber KG\u00a0\u00b7\u00a0Schiltach<\/span><\/h6>\n<p>Frank Piotrowski ist Diplom Wirtschaftsingenieur der TU Darmstadt. Seit 13 Jahren arbeitet er als Vertriebsleiter bei der VEGA Grieshaber KG. Die VEGA Grieshaber KG ist ein weltweit f\u00fchrendes Unternehmen im Bereich der F\u00fcllstand- und Druckmesstechnik. Vor 6 Jahren hat VEGA erfolgreich Festgeh\u00e4lter f\u00fcr seine Mitarbeiter im Vertriebsau\u00dfendienst eingef\u00fchrt.  Vor seiner T\u00e4tigkeit bei VEGA hat Herr Piotrowski 10 Jahre lang unterschiedliche Fach- und F\u00fchrungspositionen im Export, Business Development bzw. der Vertriebsleitung Inland in einem Elektrotechnik Konzern bekleidet. Herr Piotrowski ist verheiratet und hat zwei erwachsene T\u00f6chter.<\/p>\n<\/div><footer class=\"entry-footer\"><\/footer><div class='post_delimiter'><\/div><\/div><div class=\"post_author_timeline\"><\/div><span class='hidden'>\n\t\t\t\t<span class='av-structured-data'  itemprop=\"image\" itemscope=\"itemscope\" itemtype=\"https:\/\/schema.org\/ImageObject\" >\n\t\t\t\t\t\t<span itemprop='url'>http:\/\/norddeutscher-vertriebskongress.de\/wp-ndvk\/wp-content\/uploads\/2016\/12\/DE-Piotrowski-Frank.jpg<\/span>\n\t\t\t\t\t\t<span itemprop='height'>2832<\/span>\n\t\t\t\t\t\t<span itemprop='width'>2832<\/span>\n\t\t\t\t<\/span>\n\t\t\t\t<span class='av-structured-data'  itemprop=\"publisher\" itemtype=\"https:\/\/schema.org\/Organization\" itemscope=\"itemscope\" >\n\t\t\t\t\t\t<span itemprop='name'>wp_admin<\/span>\n\t\t\t\t\t\t<span itemprop='logo' itemscope itemtype='https:\/\/schema.org\/ImageObject'>\n\t\t\t\t\t\t\t<span itemprop='url'>http:\/\/norddeutscher-vertriebskongress.de\/wp-ndvk\/wp-content\/uploads\/2016\/12\/NDVK-2017-Header-blau-148.png<\/span>\n\t\t\t\t\t\t <\/span>\n\t\t\t\t<\/span><span class='av-structured-data'  itemprop=\"author\" itemscope=\"itemscope\" itemtype=\"https:\/\/schema.org\/Person\" ><span itemprop='name'>wp_admin<\/span><\/span><span class='av-structured-data'  itemprop=\"datePublished\" datetime=\"2016-12-04T13:52:52+01:00\" >2016-12-04 13:52:52<\/span><span class='av-structured-data'  itemprop=\"dateModified\" itemtype=\"https:\/\/schema.org\/dateModified\" >2016-12-04 14:32:06<\/span><span class='av-structured-data'  itemprop=\"mainEntityOfPage\" itemtype=\"https:\/\/schema.org\/mainEntityOfPage\" ><span itemprop='name'>Frank Piotrowski<\/span><\/span><\/span><\/article><article class=\"post-entry post-entry-type-standard post-entry-78 post-loop-8 post-parity-even single-small with-slider post-78 post type-post status-publish format-standard has-post-thumbnail hentry category-uebersicht-referenten-des-norddeutschen-vertriebskongress category-referenten-2017\"  itemscope=\"itemscope\" itemtype=\"https:\/\/schema.org\/BlogPosting\" ><div class=\"blog-meta\"><a href='http:\/\/norddeutscher-vertriebskongress.de\/wp-ndvk\/prof-dr-juergen-luerssen\/' class='small-preview'  title=\"Prof-Dr-J\u00fcrgen-L\u00fcrssen\"   itemprop=\"image\" itemscope=\"itemscope\" itemtype=\"https:\/\/schema.org\/ImageObject\" ><img width=\"120\" height=\"180\" src=\"http:\/\/norddeutscher-vertriebskongress.de\/wp-ndvk\/wp-content\/uploads\/2013\/11\/Prof-Dr-J\u00fcrgen-L\u00fcrssen.jpg\" class=\"wp-image-146 avia-img-lazy-loading-not-146 attachment-square size-square wp-post-image\" alt=\"\" srcset=\"http:\/\/norddeutscher-vertriebskongress.de\/wp-ndvk\/wp-content\/uploads\/2013\/11\/Prof-Dr-J\u00fcrgen-L\u00fcrssen.jpg 1008w, http:\/\/norddeutscher-vertriebskongress.de\/wp-ndvk\/wp-content\/uploads\/2013\/11\/Prof-Dr-J\u00fcrgen-L\u00fcrssen-200x300.jpg 200w, http:\/\/norddeutscher-vertriebskongress.de\/wp-ndvk\/wp-content\/uploads\/2013\/11\/Prof-Dr-J\u00fcrgen-L\u00fcrssen-682x1024.jpg 682w\" sizes=\"(max-width: 120px) 100vw, 120px\" \/><span class=\"iconfont\" aria-hidden='true' data-av_icon='\ue836' data-av_iconfont='entypo-fontello'><\/span><\/a><\/div><div class='entry-content-wrapper clearfix standard-content'><header class=\"entry-content-header\"><h2 class='post-title entry-title '  itemprop=\"headline\" ><a href=\"http:\/\/norddeutscher-vertriebskongress.de\/wp-ndvk\/prof-dr-juergen-luerssen\/\" rel=\"bookmark\" title=\"Permanenter Link zu: Prof. Dr. J\u00fcrgen L\u00fcrssen\">Prof. Dr. J\u00fcrgen L\u00fcrssen<span class=\"post-format-icon minor-meta\"><\/span><\/a><\/h2><span class=\"post-meta-infos\"><span class=\"blog-categories minor-meta\">in <a href=\"http:\/\/norddeutscher-vertriebskongress.de\/wp-ndvk\/category\/uebersicht-referenten-des-norddeutschen-vertriebskongress\/\" rel=\"tag\">Referenten<\/a>, <a href=\"http:\/\/norddeutscher-vertriebskongress.de\/wp-ndvk\/category\/referenten-2017\/\" rel=\"tag\">Referenten-2017<\/a><\/span><\/span><\/header><div class=\"entry-content\"  itemprop=\"text\" ><h6><span style=\"color: #cf142b;\">Institut f\u00fcr Marketing \u00b7 Leuphana Universit\u00e4t L\u00fcneburg<\/span><\/h6>\n<p>Nach BWL-Studium und Promotion war Prof. Dr. J\u00fcrgen L\u00fcrssen 17 Jahre lang erfolgreich im Marketing- und Vertriebsmanagement zweier gro\u00dfer Unternehmen der Chemie- und der Elektroindustrie t\u00e4tig \u2013 zuletzt als Alleingesch\u00e4ftsf\u00fchrer einer europ\u00e4ischen Vertriebsgesellschaft. Seit 1999 ist er Professor f\u00fcr Marketing und Vertrieb in L\u00fcneburg \u2013 zuerst an der FH, seit 2005 an der Leuphana Universit\u00e4t.<\/p>\n<\/div><footer class=\"entry-footer\"><\/footer><div class='post_delimiter'><\/div><\/div><div class=\"post_author_timeline\"><\/div><span class='hidden'>\n\t\t\t\t<span class='av-structured-data'  itemprop=\"image\" itemscope=\"itemscope\" itemtype=\"https:\/\/schema.org\/ImageObject\" >\n\t\t\t\t\t\t<span itemprop='url'>http:\/\/norddeutscher-vertriebskongress.de\/wp-ndvk\/wp-content\/uploads\/2013\/11\/Prof-Dr-J\u00fcrgen-L\u00fcrssen.jpg<\/span>\n\t\t\t\t\t\t<span itemprop='height'>1512<\/span>\n\t\t\t\t\t\t<span itemprop='width'>1008<\/span>\n\t\t\t\t<\/span>\n\t\t\t\t<span class='av-structured-data'  itemprop=\"publisher\" itemtype=\"https:\/\/schema.org\/Organization\" itemscope=\"itemscope\" >\n\t\t\t\t\t\t<span itemprop='name'>wp_admin<\/span>\n\t\t\t\t\t\t<span itemprop='logo' itemscope itemtype='https:\/\/schema.org\/ImageObject'>\n\t\t\t\t\t\t\t<span itemprop='url'>http:\/\/norddeutscher-vertriebskongress.de\/wp-ndvk\/wp-content\/uploads\/2016\/12\/NDVK-2017-Header-blau-148.png<\/span>\n\t\t\t\t\t\t <\/span>\n\t\t\t\t<\/span><span class='av-structured-data'  itemprop=\"author\" itemscope=\"itemscope\" itemtype=\"https:\/\/schema.org\/Person\" ><span itemprop='name'>wp_admin<\/span><\/span><span class='av-structured-data'  itemprop=\"datePublished\" datetime=\"2013-11-24T17:26:21+01:00\" >2013-11-24 17:26:21<\/span><span class='av-structured-data'  itemprop=\"dateModified\" itemtype=\"https:\/\/schema.org\/dateModified\" >2016-12-04 13:43:00<\/span><span class='av-structured-data'  itemprop=\"mainEntityOfPage\" itemtype=\"https:\/\/schema.org\/mainEntityOfPage\" ><span itemprop='name'>Prof. Dr. J\u00fcrgen L\u00fcrssen<\/span><\/span><\/span><\/article><article class=\"post-entry post-entry-type-standard post-entry-4054 post-loop-9 post-parity-odd single-small with-slider post-4054 post type-post status-publish format-standard has-post-thumbnail hentry category-uebersicht-referenten-des-norddeutschen-vertriebskongress category-referenten-2017\"  itemscope=\"itemscope\" itemtype=\"https:\/\/schema.org\/BlogPosting\" ><div class=\"blog-meta\"><a href='http:\/\/norddeutscher-vertriebskongress.de\/wp-ndvk\/ruthmann-werner\/' class='small-preview'  title=\"Werner Ruthmann\"   itemprop=\"image\" itemscope=\"itemscope\" itemtype=\"https:\/\/schema.org\/ImageObject\" ><img width=\"180\" height=\"180\" src=\"http:\/\/norddeutscher-vertriebskongress.de\/wp-ndvk\/wp-content\/uploads\/2016\/12\/Foto-Werner-Ruthmann-180x180.jpg\" class=\"wp-image-4074 avia-img-lazy-loading-not-4074 attachment-square size-square wp-post-image\" alt=\"\" srcset=\"http:\/\/norddeutscher-vertriebskongress.de\/wp-ndvk\/wp-content\/uploads\/2016\/12\/Foto-Werner-Ruthmann-180x180.jpg 180w, http:\/\/norddeutscher-vertriebskongress.de\/wp-ndvk\/wp-content\/uploads\/2016\/12\/Foto-Werner-Ruthmann-80x80.jpg 80w, http:\/\/norddeutscher-vertriebskongress.de\/wp-ndvk\/wp-content\/uploads\/2016\/12\/Foto-Werner-Ruthmann-36x36.jpg 36w, http:\/\/norddeutscher-vertriebskongress.de\/wp-ndvk\/wp-content\/uploads\/2016\/12\/Foto-Werner-Ruthmann-120x120.jpg 120w, http:\/\/norddeutscher-vertriebskongress.de\/wp-ndvk\/wp-content\/uploads\/2016\/12\/Foto-Werner-Ruthmann-450x450.jpg 450w\" sizes=\"(max-width: 180px) 100vw, 180px\" \/><span class=\"iconfont\" aria-hidden='true' data-av_icon='\ue836' data-av_iconfont='entypo-fontello'><\/span><\/a><\/div><div class='entry-content-wrapper clearfix standard-content'><header class=\"entry-content-header\"><h2 class='post-title entry-title '  itemprop=\"headline\" ><a href=\"http:\/\/norddeutscher-vertriebskongress.de\/wp-ndvk\/ruthmann-werner\/\" rel=\"bookmark\" title=\"Permanenter Link zu: Werner Ruthmann\">Werner Ruthmann<span class=\"post-format-icon minor-meta\"><\/span><\/a><\/h2><span class=\"post-meta-infos\"><span class=\"blog-categories minor-meta\">in <a href=\"http:\/\/norddeutscher-vertriebskongress.de\/wp-ndvk\/category\/uebersicht-referenten-des-norddeutschen-vertriebskongress\/\" rel=\"tag\">Referenten<\/a>, <a href=\"http:\/\/norddeutscher-vertriebskongress.de\/wp-ndvk\/category\/referenten-2017\/\" rel=\"tag\">Referenten-2017<\/a><\/span><\/span><\/header><div class=\"entry-content\"  itemprop=\"text\" ><h6><span style=\"color: #cf142b;\">Gf. Gesellschafter\u00a0\u00b7\u00a0BMS Marketing Solutions GmbH &amp; Co. KG\u00a0\u00b7\u00a0Essen<\/span><\/h6>\n<p>Werner Ruthmann, Jahrgang 1959, studierte BWL mit Schwerpunkt Marketing und Unternehmensplanung in K\u00f6ln und M\u00fcnster. Danach war er in verschiedenen Funktionen in der Markenartikelindustrie t\u00e4tig, zuletzt als Leiter Marketing Communications bei Nikon Deutschland. Darauf folgte eine Station als Consultant in einer Internationalen Marketingberatung. Seit 2003 ist er Inhaber der BMS Marketing Solutions GmbH &amp; Co. KG in Essen, einem Spezialdienstleistungsunternehmen f\u00fcr B2B Kundenbindung.<\/p>\n<\/div><footer class=\"entry-footer\"><\/footer><div class='post_delimiter'><\/div><\/div><div class=\"post_author_timeline\"><\/div><span class='hidden'>\n\t\t\t\t<span class='av-structured-data'  itemprop=\"image\" itemscope=\"itemscope\" itemtype=\"https:\/\/schema.org\/ImageObject\" >\n\t\t\t\t\t\t<span itemprop='url'>http:\/\/norddeutscher-vertriebskongress.de\/wp-ndvk\/wp-content\/uploads\/2016\/12\/Foto-Werner-Ruthmann.jpg<\/span>\n\t\t\t\t\t\t<span itemprop='height'>1920<\/span>\n\t\t\t\t\t\t<span itemprop='width'>2880<\/span>\n\t\t\t\t<\/span>\n\t\t\t\t<span class='av-structured-data'  itemprop=\"publisher\" itemtype=\"https:\/\/schema.org\/Organization\" itemscope=\"itemscope\" >\n\t\t\t\t\t\t<span itemprop='name'>wp_admin<\/span>\n\t\t\t\t\t\t<span itemprop='logo' itemscope itemtype='https:\/\/schema.org\/ImageObject'>\n\t\t\t\t\t\t\t<span itemprop='url'>http:\/\/norddeutscher-vertriebskongress.de\/wp-ndvk\/wp-content\/uploads\/2016\/12\/NDVK-2017-Header-blau-148.png<\/span>\n\t\t\t\t\t\t <\/span>\n\t\t\t\t<\/span><span class='av-structured-data'  itemprop=\"author\" itemscope=\"itemscope\" itemtype=\"https:\/\/schema.org\/Person\" ><span itemprop='name'>wp_admin<\/span><\/span><span class='av-structured-data'  itemprop=\"datePublished\" datetime=\"2016-12-04T13:53:22+01:00\" >2016-12-04 13:53:22<\/span><span class='av-structured-data'  itemprop=\"dateModified\" itemtype=\"https:\/\/schema.org\/dateModified\" >2016-12-04 14:27:36<\/span><span class='av-structured-data'  itemprop=\"mainEntityOfPage\" itemtype=\"https:\/\/schema.org\/mainEntityOfPage\" ><span itemprop='name'>Werner Ruthmann<\/span><\/span><\/span><\/article><article class=\"post-entry post-entry-type-standard post-entry-4055 post-loop-10 post-parity-even single-small with-slider post-4055 post type-post status-publish format-standard has-post-thumbnail hentry category-uebersicht-referenten-des-norddeutschen-vertriebskongress category-referenten-2017\"  itemscope=\"itemscope\" itemtype=\"https:\/\/schema.org\/BlogPosting\" ><div class=\"blog-meta\"><a href='http:\/\/norddeutscher-vertriebskongress.de\/wp-ndvk\/stoehr-florian\/' class='small-preview'  title=\"florian-stoehr\"   itemprop=\"image\" itemscope=\"itemscope\" itemtype=\"https:\/\/schema.org\/ImageObject\" ><img width=\"180\" height=\"180\" src=\"http:\/\/norddeutscher-vertriebskongress.de\/wp-ndvk\/wp-content\/uploads\/2016\/12\/Florian-Stoehr-180x180.jpg\" class=\"wp-image-4073 avia-img-lazy-loading-not-4073 attachment-square size-square wp-post-image\" alt=\"\" srcset=\"http:\/\/norddeutscher-vertriebskongress.de\/wp-ndvk\/wp-content\/uploads\/2016\/12\/Florian-Stoehr-180x180.jpg 180w, http:\/\/norddeutscher-vertriebskongress.de\/wp-ndvk\/wp-content\/uploads\/2016\/12\/Florian-Stoehr-80x80.jpg 80w, http:\/\/norddeutscher-vertriebskongress.de\/wp-ndvk\/wp-content\/uploads\/2016\/12\/Florian-Stoehr-300x300.jpg 300w, http:\/\/norddeutscher-vertriebskongress.de\/wp-ndvk\/wp-content\/uploads\/2016\/12\/Florian-Stoehr-768x768.jpg 768w, http:\/\/norddeutscher-vertriebskongress.de\/wp-ndvk\/wp-content\/uploads\/2016\/12\/Florian-Stoehr-1030x1030.jpg 1030w, http:\/\/norddeutscher-vertriebskongress.de\/wp-ndvk\/wp-content\/uploads\/2016\/12\/Florian-Stoehr-36x36.jpg 36w, http:\/\/norddeutscher-vertriebskongress.de\/wp-ndvk\/wp-content\/uploads\/2016\/12\/Florian-Stoehr-705x705.jpg 705w, http:\/\/norddeutscher-vertriebskongress.de\/wp-ndvk\/wp-content\/uploads\/2016\/12\/Florian-Stoehr-120x120.jpg 120w, http:\/\/norddeutscher-vertriebskongress.de\/wp-ndvk\/wp-content\/uploads\/2016\/12\/Florian-Stoehr-450x450.jpg 450w, http:\/\/norddeutscher-vertriebskongress.de\/wp-ndvk\/wp-content\/uploads\/2016\/12\/Florian-Stoehr.jpg 1036w\" sizes=\"(max-width: 180px) 100vw, 180px\" \/><span class=\"iconfont\" aria-hidden='true' data-av_icon='\ue836' data-av_iconfont='entypo-fontello'><\/span><\/a><\/div><div class='entry-content-wrapper clearfix standard-content'><header class=\"entry-content-header\"><h2 class='post-title entry-title '  itemprop=\"headline\" ><a href=\"http:\/\/norddeutscher-vertriebskongress.de\/wp-ndvk\/stoehr-florian\/\" rel=\"bookmark\" title=\"Permanenter Link zu: Florian St\u00f6hr\">Florian St\u00f6hr<span class=\"post-format-icon minor-meta\"><\/span><\/a><\/h2><span class=\"post-meta-infos\"><span class=\"blog-categories minor-meta\">in <a href=\"http:\/\/norddeutscher-vertriebskongress.de\/wp-ndvk\/category\/uebersicht-referenten-des-norddeutschen-vertriebskongress\/\" rel=\"tag\">Referenten<\/a>, <a href=\"http:\/\/norddeutscher-vertriebskongress.de\/wp-ndvk\/category\/referenten-2017\/\" rel=\"tag\">Referenten-2017<\/a><\/span><\/span><\/header><div class=\"entry-content\"  itemprop=\"text\" ><h6><span style=\"color: #cf142b;\">Gesch\u00e4ftsf\u00fchrer\u00a0\u00b7\u00a0muuuh! digital GmbH\u00a0\u00b7\u00a0Osnabr\u00fcck<\/span><\/h6>\n<p>Seit 2004 besch\u00e4ftigt sich Florian St\u00f6hr mit den Themen Community Management und Social Media. Schon im Studium begleitete er als Community Manager die Expansion der regionalen Community-Netzwerken stayblue in die Top 20 der reichweitenst\u00e4rksten Internetseiten Deutschlands (IVW). Bei der Betreiberfirma basecom GmbH &amp; Co. KG, die seit 2010 eine Tochterfirma der NOZ Medien ist, war er zudem als Prokurist t\u00e4tig. Ab dem Jahr 2012 ist er als Leiter der buw digital GmbH bei der buw Unternehmensgruppe f\u00fcr alle neuen Kan\u00e4le der Kundenkommunikation zust\u00e4ndig, insbesondere Social Media Kundenservice, Chat und Communities. Nach dem Verkauf der operativen Einheiten der buw Unternehmensgruppe, firmiert buw digital seit Mitte 2016 unter dem Namen muuuh! digital mit buw-Gr\u00fcnder Jens Bormann als Alleingesellschafter.<br \/>\nFlorian St\u00f6hr ist ehemaliger Vorsitzender des Bundesverbands Community Management e.V.<\/p>\n<\/div><footer class=\"entry-footer\"><\/footer><div class='post_delimiter'><\/div><\/div><div class=\"post_author_timeline\"><\/div><span class='hidden'>\n\t\t\t\t<span class='av-structured-data'  itemprop=\"image\" itemscope=\"itemscope\" itemtype=\"https:\/\/schema.org\/ImageObject\" >\n\t\t\t\t\t\t<span itemprop='url'>http:\/\/norddeutscher-vertriebskongress.de\/wp-ndvk\/wp-content\/uploads\/2016\/12\/Florian-Stoehr.jpg<\/span>\n\t\t\t\t\t\t<span itemprop='height'>1036<\/span>\n\t\t\t\t\t\t<span itemprop='width'>1036<\/span>\n\t\t\t\t<\/span>\n\t\t\t\t<span class='av-structured-data'  itemprop=\"publisher\" itemtype=\"https:\/\/schema.org\/Organization\" itemscope=\"itemscope\" >\n\t\t\t\t\t\t<span itemprop='name'>wp_admin<\/span>\n\t\t\t\t\t\t<span itemprop='logo' itemscope itemtype='https:\/\/schema.org\/ImageObject'>\n\t\t\t\t\t\t\t<span itemprop='url'>http:\/\/norddeutscher-vertriebskongress.de\/wp-ndvk\/wp-content\/uploads\/2016\/12\/NDVK-2017-Header-blau-148.png<\/span>\n\t\t\t\t\t\t <\/span>\n\t\t\t\t<\/span><span class='av-structured-data'  itemprop=\"author\" itemscope=\"itemscope\" itemtype=\"https:\/\/schema.org\/Person\" ><span itemprop='name'>wp_admin<\/span><\/span><span class='av-structured-data'  itemprop=\"datePublished\" datetime=\"2016-12-04T13:54:01+01:00\" >2016-12-04 13:54:01<\/span><span class='av-structured-data'  itemprop=\"dateModified\" itemtype=\"https:\/\/schema.org\/dateModified\" >2016-12-04 14:27:24<\/span><span class='av-structured-data'  itemprop=\"mainEntityOfPage\" itemtype=\"https:\/\/schema.org\/mainEntityOfPage\" ><span itemprop='name'>Florian St\u00f6hr<\/span><\/span><\/span><\/article><article class=\"post-entry post-entry-type-standard post-entry-4060 post-loop-11 post-parity-odd single-small with-slider post-4060 post type-post status-publish format-standard has-post-thumbnail hentry category-uebersicht-referenten-des-norddeutschen-vertriebskongress category-referenten-2017\"  itemscope=\"itemscope\" itemtype=\"https:\/\/schema.org\/BlogPosting\" ><div class=\"blog-meta\"><a href='http:\/\/norddeutscher-vertriebskongress.de\/wp-ndvk\/weber-stefan\/' class='small-preview'  title=\"stefan-weber\"   itemprop=\"image\" itemscope=\"itemscope\" itemtype=\"https:\/\/schema.org\/ImageObject\" ><img width=\"180\" height=\"180\" src=\"http:\/\/norddeutscher-vertriebskongress.de\/wp-ndvk\/wp-content\/uploads\/2016\/12\/Stefan-Weber-180x180.jpg\" class=\"wp-image-4076 avia-img-lazy-loading-not-4076 attachment-square size-square wp-post-image\" alt=\"\" srcset=\"http:\/\/norddeutscher-vertriebskongress.de\/wp-ndvk\/wp-content\/uploads\/2016\/12\/Stefan-Weber-180x180.jpg 180w, http:\/\/norddeutscher-vertriebskongress.de\/wp-ndvk\/wp-content\/uploads\/2016\/12\/Stefan-Weber-80x80.jpg 80w, http:\/\/norddeutscher-vertriebskongress.de\/wp-ndvk\/wp-content\/uploads\/2016\/12\/Stefan-Weber-300x300.jpg 300w, http:\/\/norddeutscher-vertriebskongress.de\/wp-ndvk\/wp-content\/uploads\/2016\/12\/Stefan-Weber-36x36.jpg 36w, http:\/\/norddeutscher-vertriebskongress.de\/wp-ndvk\/wp-content\/uploads\/2016\/12\/Stefan-Weber-120x120.jpg 120w, http:\/\/norddeutscher-vertriebskongress.de\/wp-ndvk\/wp-content\/uploads\/2016\/12\/Stefan-Weber-450x450.jpg 450w, http:\/\/norddeutscher-vertriebskongress.de\/wp-ndvk\/wp-content\/uploads\/2016\/12\/Stefan-Weber.jpg 517w\" sizes=\"(max-width: 180px) 100vw, 180px\" \/><span class=\"iconfont\" aria-hidden='true' data-av_icon='\ue836' data-av_iconfont='entypo-fontello'><\/span><\/a><\/div><div class='entry-content-wrapper clearfix standard-content'><header class=\"entry-content-header\"><h2 class='post-title entry-title '  itemprop=\"headline\" ><a href=\"http:\/\/norddeutscher-vertriebskongress.de\/wp-ndvk\/weber-stefan\/\" rel=\"bookmark\" title=\"Permanenter Link zu: Stefan Weber\">Stefan Weber<span class=\"post-format-icon minor-meta\"><\/span><\/a><\/h2><span class=\"post-meta-infos\"><span class=\"blog-categories minor-meta\">in <a href=\"http:\/\/norddeutscher-vertriebskongress.de\/wp-ndvk\/category\/uebersicht-referenten-des-norddeutschen-vertriebskongress\/\" rel=\"tag\">Referenten<\/a>, <a href=\"http:\/\/norddeutscher-vertriebskongress.de\/wp-ndvk\/category\/referenten-2017\/\" rel=\"tag\">Referenten-2017<\/a><\/span><\/span><\/header><div class=\"entry-content\"  itemprop=\"text\" ><h6><span style=\"color: #cf142b;\">Stefan Weber\u00a0\u00b7\u00a0Inhaber Weber Consulting \u2013 Einkaufsberatung Hamburg und Gesch\u00e4ftsf\u00fchrer WINDSOURCING.COM GmbH\u00a0\u00b7\u00a0Hamburg<\/span><\/h6>\n<p>Stefan Weber ist Spezialist f\u00fcr den technischen Einkauf mit langj\u00e4hriger<br \/>\nPraxiserfahrung. Er startete als Eink\u00e4ufer bei der Vaillant GmbH und war anschlie\u00dfend Einkaufsleiter bei der Conergy AG. Seit 2007 ist er selbst\u00e4ndig und ber\u00e4t Kunden aus verschiedenen Branchen praxisorientiert im technischen Einkauf. Dar\u00fcber hinaus ist er Trainer und gefragter Referent zu den Themen technischer Einkauf, Vertrieb und Verhandlungsf\u00fchrung.<\/p>\n<\/div><footer class=\"entry-footer\"><\/footer><div class='post_delimiter'><\/div><\/div><div class=\"post_author_timeline\"><\/div><span class='hidden'>\n\t\t\t\t<span class='av-structured-data'  itemprop=\"image\" itemscope=\"itemscope\" itemtype=\"https:\/\/schema.org\/ImageObject\" >\n\t\t\t\t\t\t<span itemprop='url'>http:\/\/norddeutscher-vertriebskongress.de\/wp-ndvk\/wp-content\/uploads\/2016\/12\/Stefan-Weber.jpg<\/span>\n\t\t\t\t\t\t<span itemprop='height'>517<\/span>\n\t\t\t\t\t\t<span itemprop='width'>517<\/span>\n\t\t\t\t<\/span>\n\t\t\t\t<span class='av-structured-data'  itemprop=\"publisher\" itemtype=\"https:\/\/schema.org\/Organization\" itemscope=\"itemscope\" >\n\t\t\t\t\t\t<span itemprop='name'>wp_admin<\/span>\n\t\t\t\t\t\t<span itemprop='logo' itemscope itemtype='https:\/\/schema.org\/ImageObject'>\n\t\t\t\t\t\t\t<span itemprop='url'>http:\/\/norddeutscher-vertriebskongress.de\/wp-ndvk\/wp-content\/uploads\/2016\/12\/NDVK-2017-Header-blau-148.png<\/span>\n\t\t\t\t\t\t <\/span>\n\t\t\t\t<\/span><span class='av-structured-data'  itemprop=\"author\" itemscope=\"itemscope\" itemtype=\"https:\/\/schema.org\/Person\" ><span itemprop='name'>wp_admin<\/span><\/span><span class='av-structured-data'  itemprop=\"datePublished\" datetime=\"2016-12-04T13:55:07+01:00\" >2016-12-04 13:55:07<\/span><span class='av-structured-data'  itemprop=\"dateModified\" itemtype=\"https:\/\/schema.org\/dateModified\" >2016-12-23 10:45:22<\/span><span class='av-structured-data'  itemprop=\"mainEntityOfPage\" itemtype=\"https:\/\/schema.org\/mainEntityOfPage\" ><span itemprop='name'>Stefan Weber<\/span><\/span><\/span><\/article><article class=\"post-entry post-entry-type-standard post-entry-4061 post-loop-12 post-parity-even single-small with-slider post-4061 post type-post status-publish format-standard has-post-thumbnail hentry category-uebersicht-referenten-des-norddeutschen-vertriebskongress category-referenten-2017\"  itemscope=\"itemscope\" itemtype=\"https:\/\/schema.org\/BlogPosting\" ><div class=\"blog-meta\"><a href='http:\/\/norddeutscher-vertriebskongress.de\/wp-ndvk\/willmann-joerg\/' class='small-preview'  title=\"J\u00f6rg Willmann\"   itemprop=\"image\" itemscope=\"itemscope\" itemtype=\"https:\/\/schema.org\/ImageObject\" ><img width=\"171\" height=\"180\" src=\"http:\/\/norddeutscher-vertriebskongress.de\/wp-ndvk\/wp-content\/uploads\/2016\/12\/willman-171x180.jpeg\" class=\"wp-image-4077 avia-img-lazy-loading-not-4077 attachment-square size-square wp-post-image\" alt=\"\" \/><span class=\"iconfont\" aria-hidden='true' data-av_icon='\ue836' data-av_iconfont='entypo-fontello'><\/span><\/a><\/div><div class='entry-content-wrapper clearfix standard-content'><header class=\"entry-content-header\"><h2 class='post-title entry-title '  itemprop=\"headline\" ><a href=\"http:\/\/norddeutscher-vertriebskongress.de\/wp-ndvk\/willmann-joerg\/\" rel=\"bookmark\" title=\"Permanenter Link zu: J\u00f6rg Willmann\">J\u00f6rg Willmann<span class=\"post-format-icon minor-meta\"><\/span><\/a><\/h2><span class=\"post-meta-infos\"><span class=\"blog-categories minor-meta\">in <a href=\"http:\/\/norddeutscher-vertriebskongress.de\/wp-ndvk\/category\/uebersicht-referenten-des-norddeutschen-vertriebskongress\/\" rel=\"tag\">Referenten<\/a>, <a href=\"http:\/\/norddeutscher-vertriebskongress.de\/wp-ndvk\/category\/referenten-2017\/\" rel=\"tag\">Referenten-2017<\/a><\/span><\/span><\/header><div class=\"entry-content\"  itemprop=\"text\" ><h6><span style=\"color: #cf142b;\">Head of Global KOM\/KPM\u00a0\u00b7\u00a0Sika Services AG\u00a0\u00b7\u00a0Stuttgart<\/span><\/h6>\n<p>J\u00f6rg Willmann, Jahrgang 1971, ist Dipl.-Bau-Ing. (FH) und Dipl.-Wirtsch.-Ing. (FH). 1997 startete er seine Karriere als Key Account Manager bei der Sika Deutschland GmbH. Anschlie\u00dfend war er von 2001 bis 2006 Key Account und Major Projects Manager bei Sika Ltd. UK. Danach war er bis 2010 zun\u00e4chst Corporate Product Engineer, dann Corporate Business Development Manager bei der Sika Services AG. Seit 2010 bekleidet er seine jetzige Position.<\/p>\n<\/div><footer class=\"entry-footer\"><\/footer><div class='post_delimiter'><\/div><\/div><div class=\"post_author_timeline\"><\/div><span class='hidden'>\n\t\t\t\t<span class='av-structured-data'  itemprop=\"image\" itemscope=\"itemscope\" itemtype=\"https:\/\/schema.org\/ImageObject\" >\n\t\t\t\t\t\t<span itemprop='url'>http:\/\/norddeutscher-vertriebskongress.de\/wp-ndvk\/wp-content\/uploads\/2016\/12\/willman.jpeg<\/span>\n\t\t\t\t\t\t<span itemprop='height'>256<\/span>\n\t\t\t\t\t\t<span itemprop='width'>171<\/span>\n\t\t\t\t<\/span>\n\t\t\t\t<span class='av-structured-data'  itemprop=\"publisher\" itemtype=\"https:\/\/schema.org\/Organization\" itemscope=\"itemscope\" >\n\t\t\t\t\t\t<span itemprop='name'>wp_admin<\/span>\n\t\t\t\t\t\t<span itemprop='logo' itemscope itemtype='https:\/\/schema.org\/ImageObject'>\n\t\t\t\t\t\t\t<span itemprop='url'>http:\/\/norddeutscher-vertriebskongress.de\/wp-ndvk\/wp-content\/uploads\/2016\/12\/NDVK-2017-Header-blau-148.png<\/span>\n\t\t\t\t\t\t <\/span>\n\t\t\t\t<\/span><span class='av-structured-data'  itemprop=\"author\" itemscope=\"itemscope\" itemtype=\"https:\/\/schema.org\/Person\" ><span itemprop='name'>wp_admin<\/span><\/span><span class='av-structured-data'  itemprop=\"datePublished\" datetime=\"2016-12-04T13:55:37+01:00\" >2016-12-04 13:55:37<\/span><span class='av-structured-data'  itemprop=\"dateModified\" itemtype=\"https:\/\/schema.org\/dateModified\" >2016-12-04 14:26:56<\/span><span class='av-structured-data'  itemprop=\"mainEntityOfPage\" itemtype=\"https:\/\/schema.org\/mainEntityOfPage\" ><span itemprop='name'>J\u00f6rg Willmann<\/span><\/span><\/span><\/article><article class=\"post-entry post-entry-type-standard post-entry-4062 post-loop-13 post-parity-odd post-entry-last single-small with-slider post-4062 post type-post status-publish format-standard has-post-thumbnail hentry category-uebersicht-referenten-des-norddeutschen-vertriebskongress category-referenten-2017\"  itemscope=\"itemscope\" itemtype=\"https:\/\/schema.org\/BlogPosting\" ><div class=\"blog-meta\"><a href='http:\/\/norddeutscher-vertriebskongress.de\/wp-ndvk\/zupancic-dirk\/' class='small-preview'  title=\"Prof. Dr. Dirk Zupancic\"   itemprop=\"image\" itemscope=\"itemscope\" itemtype=\"https:\/\/schema.org\/ImageObject\" ><img width=\"180\" height=\"180\" src=\"http:\/\/norddeutscher-vertriebskongress.de\/wp-ndvk\/wp-content\/uploads\/2016\/12\/Zupancic-Kopie-180x180.jpg\" class=\"wp-image-4078 avia-img-lazy-loading-not-4078 attachment-square size-square wp-post-image\" alt=\"\" srcset=\"http:\/\/norddeutscher-vertriebskongress.de\/wp-ndvk\/wp-content\/uploads\/2016\/12\/Zupancic-Kopie-180x180.jpg 180w, http:\/\/norddeutscher-vertriebskongress.de\/wp-ndvk\/wp-content\/uploads\/2016\/12\/Zupancic-Kopie-80x80.jpg 80w, http:\/\/norddeutscher-vertriebskongress.de\/wp-ndvk\/wp-content\/uploads\/2016\/12\/Zupancic-Kopie-36x36.jpg 36w, http:\/\/norddeutscher-vertriebskongress.de\/wp-ndvk\/wp-content\/uploads\/2016\/12\/Zupancic-Kopie-120x120.jpg 120w, http:\/\/norddeutscher-vertriebskongress.de\/wp-ndvk\/wp-content\/uploads\/2016\/12\/Zupancic-Kopie-450x450.jpg 450w\" sizes=\"(max-width: 180px) 100vw, 180px\" \/><span class=\"iconfont\" aria-hidden='true' data-av_icon='\ue836' data-av_iconfont='entypo-fontello'><\/span><\/a><\/div><div class='entry-content-wrapper clearfix standard-content'><header class=\"entry-content-header\"><h2 class='post-title entry-title '  itemprop=\"headline\" ><a href=\"http:\/\/norddeutscher-vertriebskongress.de\/wp-ndvk\/zupancic-dirk\/\" rel=\"bookmark\" title=\"Permanenter Link zu: Prof. Dr. Dirk Zupancic\">Prof. Dr. Dirk Zupancic<span class=\"post-format-icon minor-meta\"><\/span><\/a><\/h2><span class=\"post-meta-infos\"><span class=\"blog-categories minor-meta\">in <a href=\"http:\/\/norddeutscher-vertriebskongress.de\/wp-ndvk\/category\/uebersicht-referenten-des-norddeutschen-vertriebskongress\/\" rel=\"tag\">Referenten<\/a>, <a href=\"http:\/\/norddeutscher-vertriebskongress.de\/wp-ndvk\/category\/referenten-2017\/\" rel=\"tag\">Referenten-2017<\/a><\/span><\/span><\/header><div class=\"entry-content\"  itemprop=\"text\" ><h6><span style=\"color: #cf142b;\">Professor f\u00fcr Industrieg\u00fctermarketing und -vertrieb \u00b7 Manager, Berater und Privatdozent der Universit\u00e4t St.Gallen<\/span><\/h6>\n<p>Prof. Dr. Dirk Zupancic ist Experte f\u00fcr Unternehmensstrategie, F\u00fchrung, Business-to-Business Marketing und -vertrieb insb. Key Account Management. Mehrere Jahre war er Partner eines Consulting- und Private Equity-Unternehmens in Z\u00fcrich. Zu seinen Klienten geh\u00f6ren oder geh\u00f6rten Global Player ebenso wie Mittelst\u00e4ndler und KMUs. Er war 8 Jahre Gesch\u00e4ftsf\u00fchrer einer privaten Business School und ist Aufsichtsrat der Geze GmbH sowie Beirat zweier Mittelst\u00e4ndler. Er ist erfolgreicher Buchautor und Mitherausgeber der Zeitschrift \u201eMarketing Review St. Gallen\u201c. In der Zeitschrift Sales Management Review ist er Kolumnist. Dirk Zupancic stammt aus der Schule der renommierten Universit\u00e4t St.Gallen, f\u00fcr die er heute noch in der Managementausbildung und als Privatdozent t\u00e4tig ist. Au\u00dferdem ist er Offizier d.R. der Luftwaffe.<\/p>\n<\/div><footer class=\"entry-footer\"><\/footer><div class='post_delimiter'><\/div><\/div><div class=\"post_author_timeline\"><\/div><span class='hidden'>\n\t\t\t\t<span class='av-structured-data'  itemprop=\"image\" itemscope=\"itemscope\" itemtype=\"https:\/\/schema.org\/ImageObject\" >\n\t\t\t\t\t\t<span itemprop='url'>http:\/\/norddeutscher-vertriebskongress.de\/wp-ndvk\/wp-content\/uploads\/2016\/12\/Zupancic-Kopie.jpg<\/span>\n\t\t\t\t\t\t<span itemprop='height'>2295<\/span>\n\t\t\t\t\t\t<span itemprop='width'>2383<\/span>\n\t\t\t\t<\/span>\n\t\t\t\t<span class='av-structured-data'  itemprop=\"publisher\" itemtype=\"https:\/\/schema.org\/Organization\" itemscope=\"itemscope\" >\n\t\t\t\t\t\t<span itemprop='name'>wp_admin<\/span>\n\t\t\t\t\t\t<span itemprop='logo' itemscope itemtype='https:\/\/schema.org\/ImageObject'>\n\t\t\t\t\t\t\t<span itemprop='url'>http:\/\/norddeutscher-vertriebskongress.de\/wp-ndvk\/wp-content\/uploads\/2016\/12\/NDVK-2017-Header-blau-148.png<\/span>\n\t\t\t\t\t\t <\/span>\n\t\t\t\t<\/span><span class='av-structured-data'  itemprop=\"author\" itemscope=\"itemscope\" itemtype=\"https:\/\/schema.org\/Person\" ><span itemprop='name'>wp_admin<\/span><\/span><span class='av-structured-data'  itemprop=\"datePublished\" datetime=\"2016-12-04T13:56:13+01:00\" >2016-12-04 13:56:13<\/span><span class='av-structured-data'  itemprop=\"dateModified\" itemtype=\"https:\/\/schema.org\/dateModified\" >2016-12-04 14:26:39<\/span><span class='av-structured-data'  itemprop=\"mainEntityOfPage\" itemtype=\"https:\/\/schema.org\/mainEntityOfPage\" ><span itemprop='name'>Prof. Dr. Dirk Zupancic<\/span><\/span><\/span><\/article><\/div><\/p><\/div>\n","protected":false},"excerpt":{"rendered":"","protected":false},"author":1,"featured_media":0,"parent":0,"menu_order":0,"comment_status":"closed","ping_status":"closed","template":"","meta":[],"_links":{"self":[{"href":"http:\/\/norddeutscher-vertriebskongress.de\/wp-ndvk\/wp-json\/wp\/v2\/pages\/3624"}],"collection":[{"href":"http:\/\/norddeutscher-vertriebskongress.de\/wp-ndvk\/wp-json\/wp\/v2\/pages"}],"about":[{"href":"http:\/\/norddeutscher-vertriebskongress.de\/wp-ndvk\/wp-json\/wp\/v2\/types\/page"}],"author":[{"embeddable":true,"href":"http:\/\/norddeutscher-vertriebskongress.de\/wp-ndvk\/wp-json\/wp\/v2\/users\/1"}],"replies":[{"embeddable":true,"href":"http:\/\/norddeutscher-vertriebskongress.de\/wp-ndvk\/wp-json\/wp\/v2\/comments?post=3624"}],"version-history":[{"count":6,"href":"http:\/\/norddeutscher-vertriebskongress.de\/wp-ndvk\/wp-json\/wp\/v2\/pages\/3624\/revisions"}],"predecessor-version":[{"id":4066,"href":"http:\/\/norddeutscher-vertriebskongress.de\/wp-ndvk\/wp-json\/wp\/v2\/pages\/3624\/revisions\/4066"}],"wp:attachment":[{"href":"http:\/\/norddeutscher-vertriebskongress.de\/wp-ndvk\/wp-json\/wp\/v2\/media?parent=3624"}],"curies":[{"name":"wp","href":"https:\/\/api.w.org\/{rel}","templated":true}]}}