{"id":3520,"date":"2016-12-01T10:10:29","date_gmt":"2016-12-01T09:10:29","guid":{"rendered":"http:\/\/sueddeutscher-vertriebskongress.de\/wp-sdvk\/?page_id=3520"},"modified":"2016-12-04T13:02:32","modified_gmt":"2016-12-04T12:02:32","slug":"unsere-partner-praesentieren-ihnen-neue-chancen-zur-vertriebsoptimierung","status":"publish","type":"page","link":"http:\/\/norddeutscher-vertriebskongress.de\/wp-ndvk\/unsere-partner-praesentieren-ihnen-neue-chancen-zur-vertriebsoptimierung\/","title":{"rendered":"Unsere Partner pr\u00e4sentieren Ihnen neue Chancen zur Vertriebsoptimierung"},"content":{"rendered":"<div class='flex_column av-av_one_full-2a9015ff38129c418a3f2eafba3e9512 av_one_full  avia-builder-el-0  el_before_av_hr  avia-builder-el-first  first flex_column_div '     ><section  class='av_textblock_section av-av_textblock-9e05ba76be6ee62061e9805af63555d2'  itemscope=\"itemscope\" itemtype=\"https:\/\/schema.org\/CreativeWork\" ><div class='avia_textblock'  itemprop=\"text\" ><h2>Unsere Partner pr\u00e4sentieren Ihnen neue Chancen zur Vertriebsoptimierung<\/h2>\n<\/div><\/section><br \/>\n\n<style type=\"text\/css\" data-created_by=\"avia_inline_auto\" id=\"style-css-av-av_image-62d2e96e7d247299457e9469abea451c\">\n.avia-image-container.av-av_image-62d2e96e7d247299457e9469abea451c img.avia_image{\nbox-shadow:none;\n}\n.avia-image-container.av-av_image-62d2e96e7d247299457e9469abea451c .av-image-caption-overlay-center{\ncolor:#ffffff;\n}\n<\/style>\n<div  class='avia-image-container av-av_image-62d2e96e7d247299457e9469abea451c av-styling- avia-align-left  avia-builder-el-2  el_after_av_textblock  el_before_av_hr '   itemprop=\"image\" itemscope=\"itemscope\" itemtype=\"https:\/\/schema.org\/ImageObject\" ><div class=\"avia-image-container-inner\"><div class=\"avia-image-overlay-wrap\"><img class='avia-img-lazy-loading-not- avia_image ' src=\"http:\/\/sueddeutscher-vertriebskongress.de\/wp-sdvk\/wp-content\/uploads\/2014\/07\/NDVK-Fachausstellung.jpg\" alt='' title=''   itemprop=\"thumbnailUrl\"  \/><\/div><\/div><\/div><br \/>\n\n<style type=\"text\/css\" data-created_by=\"avia_inline_auto\" id=\"style-css-av-av_hr-caba7a15a7352460757cdf886318e506\">\n#top .hr.hr-invisible.av-av_hr-caba7a15a7352460757cdf886318e506{\nheight:25px;\n}\n<\/style>\n<div  class='hr av-av_hr-caba7a15a7352460757cdf886318e506 hr-invisible  avia-builder-el-3  el_after_av_image  el_before_av_textblock '><span class='hr-inner '><span class=\"hr-inner-style\"><\/span><\/span><\/div><br \/>\n<section  class='av_textblock_section av-av_textblock-35972167d9f102c5ddaec0c531c98b9e'  itemscope=\"itemscope\" itemtype=\"https:\/\/schema.org\/CreativeWork\" ><div class='avia_textblock'  itemprop=\"text\" ><p>Der Norddeutsche Vertriebskongress gibt mit Fachvortr\u00e4gen und Best Practice Fallbeispielen\u00a0<strong>konkrete Handlungsempfehlungen <\/strong>f\u00fcr\u00a0die\u00a0<strong>Optimierung Ihrer Vertriebsarbeit<\/strong>.<\/p>\n<p>Im Foyer des Congress Centrums findet parallel an beiden Tagen zus\u00e4tzlich eine begleitende Fachausstellung statt. Unsere Partner und Aussteller pr\u00e4sentieren hier neue Ideen, Produkte und L\u00f6sungsans\u00e4tze zur Steigerung Ihres Vertriebserfolges.<\/p>\n<h4>Sie sind interessiert, als Aussteller dabei\u00a0zu sein?<\/h4>\n<p>Nutzen Sie die Chance, Ihr Know-how den Top-Entscheidern im B2B-Vertrieb zu pr\u00e4sentieren und sichern sich noch heute Ihre Ausstellungsfl\u00e4che.<\/p>\n<p>Weitere Informationen erhalten Sie von:<\/p>\n<p><strong>Gesellschaft f\u00fcr Kongressmanagement<\/strong><br \/>\nSascha-Juliot K\u00f6hler: 0176\u2009-\u20092\u200944\u200979\u2009702<br \/>\nProf. Dr. J\u00fcrgen L\u00fcrssen: 0160\u2009-\u200994\u200911\u200956\u200984<br \/>\nE-Mail: <a href=\"mailto:aussteller@norddeutscher-vertriebskongress.de\">aussteller@norddeutscher-vertriebskongress.de<\/a><\/p>\n<\/div><\/section><\/p><\/div>\n<div  class='hr av-av_hr-662298fcca566fa46d46fcca73588ad4 hr-default  avia-builder-el-5  el_after_av_one_full  el_before_av_one_full '><span class='hr-inner '><span class=\"hr-inner-style\"><\/span><\/span><\/div>\n<div class='flex_column av-av_one_full-2a9015ff38129c418a3f2eafba3e9512 av_one_full  avia-builder-el-6  el_after_av_hr  el_before_av_hr  first flex_column_div '     ><section  class='av_textblock_section av-av_textblock-9e05ba76be6ee62061e9805af63555d2'  itemscope=\"itemscope\" itemtype=\"https:\/\/schema.org\/CreativeWork\" ><div class='avia_textblock'  itemprop=\"text\" ><h3>Direkt Marketing Center<\/h3>\n<\/div><\/section><br \/>\n<section  class='av_textblock_section av-av_textblock-9e05ba76be6ee62061e9805af63555d2'  itemscope=\"itemscope\" itemtype=\"https:\/\/schema.org\/CreativeWork\" ><div class='avia_textblock'  itemprop=\"text\" ><p><a href=\"http:\/\/www.direktmarketingcenter.de\" target=\"_blank\" rel=\"noopener\"><img loading=\"lazy\" class=\"alignleft wp-image-3514\" style=\"margin-bottom: 20px;\" src=\"http:\/\/sueddeutscher-vertriebskongress.de\/wp-sdvk\/wp-content\/uploads\/2014\/07\/DP_DM_rgb-320x114.jpg\" alt=\"Direkt Marketing Center \u00b7\u00a0Partner des S\u00fcddeutschen Vertriebskongress\" width=\"180\" height=\"64\" data-wp-imgselect=\"1\" \/><\/a>Ganz gleich, ob t\u00e4glicher Briefversand oder gezielte Werbung per Post: Unsere Dialog Marketing Fachwirte beraten Sie gerne ganz pers\u00f6nlich \u2013 von Konzeption \u00fcber Kreation bis zur Postauflieferung. In unseren Seminaren erhalten Sie wertvolle Tipps und Fakten rund um erfolgreiches Dialog Marketing. Einfach ein spannendes Thema in unserer &#8222;Seminar-Schnellsuche&#8220; ausw\u00e4hlen und gleich Ihren Platz in unserer Veranstaltung sichern!<\/p>\n<p>Ihr Partner f\u00fcr Erfolg mit Dialog &#8211; schauen Sie einfach mal rein! &gt; <a href=\"http:\/\/www.direktmarketingcenter.de\" target=\"_blank\" rel=\"noopener\">www.direktmarketingcenter.de<\/a><\/p>\n<\/div><\/section><\/p><\/div>\n<div  class='hr av-av_hr-662298fcca566fa46d46fcca73588ad4 hr-default  avia-builder-el-9  el_after_av_one_full  el_before_av_one_full '><span class='hr-inner '><span class=\"hr-inner-style\"><\/span><\/span><\/div>\n<div class='flex_column av-av_one_full-2a9015ff38129c418a3f2eafba3e9512 av_one_full  avia-builder-el-10  el_after_av_hr  el_before_av_hr  first flex_column_div '     ><section  class='av_textblock_section av-av_textblock-9e05ba76be6ee62061e9805af63555d2'  itemscope=\"itemscope\" itemtype=\"https:\/\/schema.org\/CreativeWork\" ><div class='avia_textblock'  itemprop=\"text\" ><h3>Deutscher Marketing Verband e.V.<\/h3>\n<\/div><\/section><br \/>\n<section  class='av_textblock_section av-av_textblock-9e05ba76be6ee62061e9805af63555d2'  itemscope=\"itemscope\" itemtype=\"https:\/\/schema.org\/CreativeWork\" ><div class='avia_textblock'  itemprop=\"text\" ><p><a href=\"http:\/\/www.marketingverband.de\/\" target=\"_blank\" rel=\"noopener\"><img loading=\"lazy\" class=\"alignleft wp-image-3565\" style=\"margin-bottom: 20px;\" src=\"http:\/\/sueddeutscher-vertriebskongress.de\/wp-sdvk\/wp-content\/uploads\/2014\/07\/dmv_logo_320x92.jpg\" alt=\"dmv_logo_320x92\" width=\"181\" height=\"52\" data-wp-imgselect=\"1\" \/><\/a>Der Deutsche Marketing-Verband (DMV) ist der Berufsverband des Marketing- und Vertriebsmanagements und die Dachorganisation der 65 Marketing-Clubs in Deutschland und \u00d6sterreich. Er vertritt die Interessen von \u00fcber 14.000 F\u00fchrungskr\u00e4ften und marktorientierten Unternehmen. Gegr\u00fcndet 1956, sorgt der Verband heute f\u00fcr die Verbreitung des Marketingbewusstseins in Wirtschaft und Gesellschaft und sieht sich als die Institution f\u00fcr praxisnahe Weiterbildung und Know-how-Transfer.<\/p>\n<p>Weitere informationen finden Sie unter &gt; <a href=\"http:\/\/www.marketingverband.de\" target=\"_blank\" rel=\"noopener\">www.marketingverband.de<\/a><\/p>\n<\/div><\/section><\/p><\/div>\n<div  class='hr av-av_hr-662298fcca566fa46d46fcca73588ad4 hr-default  avia-builder-el-13  el_after_av_one_full  el_before_av_one_full '><span class='hr-inner '><span class=\"hr-inner-style\"><\/span><\/span><\/div>\n<div class='flex_column av-av_one_full-2a9015ff38129c418a3f2eafba3e9512 av_one_full  avia-builder-el-14  el_after_av_hr  el_before_av_hr  first flex_column_div '     ><section  class='av_textblock_section av-av_textblock-35972167d9f102c5ddaec0c531c98b9e'  itemscope=\"itemscope\" itemtype=\"https:\/\/schema.org\/CreativeWork\" ><div class='avia_textblock'  itemprop=\"text\" ><h3>Miller Heimann Group<\/h3>\n<\/div><\/section><br \/>\n<section  class='av_textblock_section av-av_textblock-35972167d9f102c5ddaec0c531c98b9e'  itemscope=\"itemscope\" itemtype=\"https:\/\/schema.org\/CreativeWork\" ><div class='avia_textblock'  itemprop=\"text\" ><p><a href=\"http:\/\/www.millerheimangroup.com\/\" target=\"_blank\" rel=\"noopener\"><img loading=\"lazy\" class=\"alignleft wp-image-4147\" style=\"margin-bottom: 20px;\" src=\"http:\/\/westdeutscher-vertriebskongress.de\/wp-wdvk\/wp-content\/uploads\/2015\/12\/MillerHeimanGroup-Full-Color-Web.jpg\" alt=\"Miller Heiman Group Logo\" width=\"181\" height=\"39\" \/><\/a><\/p>\n<p>Die Miller Heiman Group wurde immer schon als einer der gr\u00f6\u00dften Anbieter f\u00fcr Sales- und Servicetraining wahrgenommen. Heute ist die Miller Heiman Group eine der innovativsten L\u00f6sungsanbieter f\u00fcr die Optimierung der Sales- und Service-Performance von Unternehmen &#8211; weltweit. Die Be-Ready-L\u00f6sungen stellen das branchenweit gr\u00f6\u00dfte Angebot an vertriebs- und serviceorientierten Schulungsprogrammen dar. Diese Services, von der Beratung bis zu praxisorientierten Trainings, unterst\u00fctzen Unternehmen beim Aufbau einer erfolgreichen, kundenfokussierten Organisation. So werden Kunden in die Lage versetzt, profitabel zu arbeiten und langfristig Wachstum auf Weltklasse-Niveau zu generieren.<\/p>\n<p>Jetzt mehr erfahren &gt; <a href=\"http:\/\/www.millerheimangroup.com\" target=\"_blank\" rel=\"noopener\">www.millerheimangroup.com.com<\/a><\/p>\n<\/div><\/section><\/p><\/div><div  class='hr av-av_hr-662298fcca566fa46d46fcca73588ad4 hr-default  avia-builder-el-17  el_after_av_one_full  el_before_av_one_full '><span class='hr-inner '><span class=\"hr-inner-style\"><\/span><\/span><\/div><\/p>\n<div class='flex_column av-av_one_full-2a9015ff38129c418a3f2eafba3e9512 av_one_full  avia-builder-el-18  el_after_av_hr  el_before_av_hr  first flex_column_div '     ><section  class='av_textblock_section av-av_textblock-35972167d9f102c5ddaec0c531c98b9e'  itemscope=\"itemscope\" itemtype=\"https:\/\/schema.org\/CreativeWork\" ><div class='avia_textblock'  itemprop=\"text\" ><h3>PiSA sales GmbH<\/h3>\n<\/div><\/section><br \/>\n<section  class='av_textblock_section av-av_textblock-35972167d9f102c5ddaec0c531c98b9e'  itemscope=\"itemscope\" itemtype=\"https:\/\/schema.org\/CreativeWork\" ><div class='avia_textblock'  itemprop=\"text\" ><p><a href=\"http:\/\/www.pisasales.de\/\" target=\"_blank\" rel=\"noopener\"><img loading=\"lazy\" class=\"alignleft wp-image-4290\" style=\"margin-bottom: 20px;\" src=\"http:\/\/bzi-jahreskongress.de\/wp\/wp-content\/uploads\/2015\/12\/PiSA_sales_Logo.jpg\" alt=\"PisaSales-Logo\" width=\"181\" height=\"52\" data-wp-imgselect=\"1\" \/><\/a><\/p>\n<p>Als mittelst\u00e4ndischer Software-Hersteller bieten wir Ihnen eine hochflexible CRM-Standardl\u00f6sung, die sich schnell einsetzen und individuell an Ihre wachsenden Bed\u00fcrfnisse anpassen l\u00e4sst. Das PiSA sales CRM geht weit \u00fcber herk\u00f6mmliche CRM-Funktionalit\u00e4ten hinaus und deckt Marketing-, Vertriebs- und Serviceanforderungen vollst\u00e4ndig ab. Vertrauen auch Sie auf \u00fcber 27 Jahren Erfahrung und lernen Sie eine der leistungsst\u00e4rksten CRM-L\u00f6sungen auf dem europ\u00e4ischen Markt kennen.<\/p>\n<p>Jetzt mehr erfahren &gt; <a href=\"http:\/\/www.pisasales.de\" target=\"_blank\" rel=\"noopener\">www.pisasales.de<\/a><\/p>\n<\/div><\/section><\/p><\/div><div  class='hr av-av_hr-662298fcca566fa46d46fcca73588ad4 hr-default  avia-builder-el-21  el_after_av_one_full  el_before_av_one_full '><span class='hr-inner '><span class=\"hr-inner-style\"><\/span><\/span><\/div><\/p>\n<div class='flex_column av-av_one_full-2a9015ff38129c418a3f2eafba3e9512 av_one_full  avia-builder-el-22  el_after_av_hr  el_before_av_hr  first flex_column_div '     ><section  class='av_textblock_section av-av_textblock-35972167d9f102c5ddaec0c531c98b9e'  itemscope=\"itemscope\" itemtype=\"https:\/\/schema.org\/CreativeWork\" ><div class='avia_textblock'  itemprop=\"text\" ><h3>PRIMESALES<\/h3>\n<\/div><\/section><br \/>\n<section  class='av_textblock_section av-av_textblock-35972167d9f102c5ddaec0c531c98b9e'  itemscope=\"itemscope\" itemtype=\"https:\/\/schema.org\/CreativeWork\" ><div class='avia_textblock'  itemprop=\"text\" ><p><a href=\"http:\/\/www.primesales.de\/\" target=\"_blank\" rel=\"noopener\"><img loading=\"lazy\" class=\"alignleft wp-image-3978\" style=\"margin-bottom: 20px;\" src=\"http:\/\/norddeutscher-vertriebskongress.de\/wp-ndvk\/wp-content\/uploads\/2014\/12\/primesales_logo-claim_rgb.jpg\" alt=\"prime$ales Logo\" width=\"181\" height=\"52\" data-wp-imgselect=\"1\" srcset=\"http:\/\/norddeutscher-vertriebskongress.de\/wp-ndvk\/wp-content\/uploads\/2014\/12\/primesales_logo-claim_rgb.jpg 620w, http:\/\/norddeutscher-vertriebskongress.de\/wp-ndvk\/wp-content\/uploads\/2014\/12\/primesales_logo-claim_rgb-300x86.jpg 300w, http:\/\/norddeutscher-vertriebskongress.de\/wp-ndvk\/wp-content\/uploads\/2014\/12\/primesales_logo-claim_rgb-450x128.jpg 450w\" sizes=\"(max-width: 181px) 100vw, 181px\" \/><\/a>PRIME$ALES ist die umsetzungsorientierte Vertriebsberatung f\u00fcr mittelst\u00e4ndische Unternehmen im B2B. Die Kunden nutzen Michael Sturhan zur Reflektion und Optimierung von Strategie, Strukturen, Prozessen und Steuerung im Vertrieb.<\/p>\n<p>Spannendes Einstiegsmodul: der eint\u00e4gige Vertriebs-Quick-Check! &gt; <a href=\"http:\/\/www.primesales.de\" target=\"_blank\" rel=\"noopener\">www.primesales.de<\/a><\/p>\n<\/div><\/section><\/p><\/div>\n<div  class='hr av-av_hr-662298fcca566fa46d46fcca73588ad4 hr-default  avia-builder-el-25  el_after_av_one_full  el_before_av_one_full '><span class='hr-inner '><span class=\"hr-inner-style\"><\/span><\/span><\/div>\n<div class='flex_column av-av_one_full-2a9015ff38129c418a3f2eafba3e9512 av_one_full  avia-builder-el-26  el_after_av_hr  el_before_av_hr  first flex_column_div '     ><section  class='av_textblock_section av-av_textblock-9e05ba76be6ee62061e9805af63555d2'  itemscope=\"itemscope\" itemtype=\"https:\/\/schema.org\/CreativeWork\" ><div class='avia_textblock'  itemprop=\"text\" ><h3>Unsere Medienpartner<\/h3>\n<\/div><\/section><br \/>\n<section  class='av_textblock_section av-av_textblock-35972167d9f102c5ddaec0c531c98b9e'  itemscope=\"itemscope\" itemtype=\"https:\/\/schema.org\/CreativeWork\" ><div class='avia_textblock'  itemprop=\"text\" ><p>Die Medienpartner des Norddeutschen Vertriebskongress freuen sich auf Ihren Besuch:<\/p>\n<p><a href=\"http:\/\/www.meinfachwissen.de\/marketing-sales\/sales-management-review.html\" target=\"_blank\" rel=\"noopener\"><img loading=\"lazy\" class=\"alignleft wp-image-3517\" style=\"margin-right: 50px;\" src=\"http:\/\/sueddeutscher-vertriebskongress.de\/wp-sdvk\/wp-content\/uploads\/2014\/07\/SMR-logo-320x80.jpg\" alt=\"Sales Management Review - Medienpartner des S\u00fcddeutschen Vertriebskongress\" width=\"180\" height=\"45\" \/><\/a><\/p>\n<p><a href=\"http:\/\/www.meinfachwissen.de\/marketing-sales\/marketing-review-st-gallen.html\" target=\"_blank\" rel=\"noopener\"><img loading=\"lazy\" class=\"alignleft wp-image-3516\" src=\"http:\/\/sueddeutscher-vertriebskongress.de\/wp-sdvk\/wp-content\/uploads\/2014\/07\/MRSG-logo-320x80.jpg\" alt=\"Marketing Review St. Gallen - Medienpartner des S\u00fcdeutschen Vertriebskongress\" width=\"180\" height=\"45\" \/><\/a><\/p>\n<\/div><\/section><\/p><\/div>\n<div  class='hr av-av_hr-d3021aff4e2c88ff75459fd6b3a45a12 hr-default  avia-builder-el-29  el_after_av_one_full  el_before_av_one_full '><span class='hr-inner '><span class=\"hr-inner-style\"><\/span><\/span><\/div>\n<div class='flex_column av-av_one_full-2a9015ff38129c418a3f2eafba3e9512 av_one_full  avia-builder-el-30  el_after_av_hr  el_before_av_hr  first flex_column_div '     ><section  class='av_textblock_section av-av_textblock-9e05ba76be6ee62061e9805af63555d2'  itemscope=\"itemscope\" itemtype=\"https:\/\/schema.org\/CreativeWork\" ><div class='avia_textblock'  itemprop=\"text\" ><h3>Unsere\u00a0Unterst\u00fctzer<\/h3>\n<\/div><\/section><br \/>\n<div  class='avia-logo-element-container av-av_partner-660f795874433841c0520b741d317d35 av-border-deactivate avia-logo-grid avia-content-slider avia-smallarrow-slider avia-content-grid-active noHover avia-content-slider-odd  avia-builder-el-32  el_after_av_textblock  avia-builder-el-last  avia-content-slider1' ><div class='avia-smallarrow-slider-heading  no-logo-slider-heading '><div class='new-special-heading'>&nbsp;<\/div><\/div><div class=\"avia-content-slider-inner\"><div class=\"slide-entry-wrap\"><div  class='slide-entry av-av_partner_logo-5b1e066372ed8541e142f51a67071944 flex_column no_margin av_one_third real-thumbnail post-entry slide-entry-overview slide-loop-1 slide-parity-odd  first'><span class='av-partner-fake-img' style='padding-bottom:100%; background-image:url(http:\/\/norddeutscher-vertriebskongress.de\/wp-ndvk\/wp-content\/uploads\/2014\/12\/Alumnifoerderverein_rgb1-120x120.jpg);'><\/span><\/div><div  class='slide-entry av-av_partner_logo-41e253fac9a36bf20b62201e1331bc26 flex_column no_margin av_one_third real-thumbnail post-entry slide-entry-overview slide-loop-2 slide-parity-even  '><span class='av-partner-fake-img' style='padding-bottom:100%; background-image:url(http:\/\/norddeutscher-vertriebskongress.de\/wp-ndvk\/wp-content\/uploads\/2014\/07\/ana-nord-150px-120x120.gif);'><\/span><\/div><div  class='slide-entry av-av_partner_logo-663d9ae0059eb7b58b32d523f3611807 flex_column no_margin av_one_third real-thumbnail post-entry slide-entry-overview slide-loop-3 slide-parity-odd  '><span class='av-partner-fake-img' style='padding-bottom:100%; background-image:url(http:\/\/norddeutscher-vertriebskongress.de\/wp-ndvk\/wp-content\/uploads\/2013\/11\/Logo-ChemieNord.jpg);'><\/span><\/div><\/div><div class=\"slide-entry-wrap\"><div  class='slide-entry av-av_partner_logo-ec7d0c5029f8b51249e1039d3743e6ca flex_column no_margin av_one_third real-thumbnail post-entry slide-entry-overview slide-loop-4 slide-parity-odd  first'><a href=\"http:\/\/www.ddv.de\" data-rel='slide-1' class='slide-image' title='' target=\"_blank\" rel=\"noopener noreferrer\"><span class='av-partner-fake-img' style='padding-bottom:100%; background-image:url(http:\/\/norddeutscher-vertriebskongress.de\/wp-ndvk\/wp-content\/uploads\/2014\/07\/DDV-Logo-150px-120x120.jpg);'><\/span><\/a><\/div><div  class='slide-entry av-av_partner_logo-68162774506cc6a4f375d331c038037a flex_column no_margin av_one_third real-thumbnail post-entry slide-entry-overview slide-loop-5 slide-parity-even  '><span class='av-partner-fake-img' style='padding-bottom:100%; background-image:url(http:\/\/norddeutscher-vertriebskongress.de\/wp-ndvk\/wp-content\/uploads\/2014\/07\/Logo-ITGA-Nord-150px-120x120.jpg);'><\/span><\/div><div  class='slide-entry av-av_partner_logo-28b4bff340c24d53414affdb4ba5b163 flex_column no_margin av_one_third real-thumbnail post-entry slide-entry-overview slide-loop-6 slide-parity-odd  '><span class='av-partner-fake-img' style='padding-bottom:100%; background-image:url(http:\/\/norddeutscher-vertriebskongress.de\/wp-ndvk\/wp-content\/uploads\/2013\/11\/AV-Logo.jpg);'><\/span><\/div><\/div><div class=\"slide-entry-wrap\"><div  class='slide-entry av-av_partner_logo-bc64435eb6a90e7614abbe64572fd07c flex_column no_margin av_one_third real-thumbnail post-entry slide-entry-overview slide-loop-7 slide-parity-odd  first'><span class='av-partner-fake-img' style='padding-bottom:100%; background-image:url(http:\/\/norddeutscher-vertriebskongress.de\/wp-ndvk\/wp-content\/uploads\/2013\/11\/HWK_BLS_Farbe.jpg);'><\/span><\/div><div  class='slide-entry av-av_partner_logo-91aa388b6704f3f036e2803158e6c71e flex_column no_margin av_one_third real-thumbnail post-entry slide-entry-overview slide-loop-8 slide-parity-even  '><span class='av-partner-fake-img' style='padding-bottom:100%; background-image:url(http:\/\/norddeutscher-vertriebskongress.de\/wp-ndvk\/wp-content\/uploads\/2014\/07\/Holz-und-Kunststoff-Nordost-120x120.jpg);'><\/span><\/div><div  class='slide-entry av-av_partner_logo-95b8ad17d02161148c68f5efa1a248c4 flex_column no_margin av_one_third real-thumbnail post-entry slide-entry-overview slide-loop-9 slide-parity-odd  '><span class='av-partner-fake-img' style='padding-bottom:100%; background-image:url(http:\/\/norddeutscher-vertriebskongress.de\/wp-ndvk\/wp-content\/uploads\/2013\/11\/LGM_LOGO2.jpg);'><\/span><\/div><\/div><div class=\"slide-entry-wrap\"><div  class='slide-entry av-av_partner_logo-72cb3f9f437b3fbf512b5cca447f3c36 flex_column no_margin av_one_third real-thumbnail post-entry slide-entry-overview slide-loop-10 slide-parity-odd  first'><span class='av-partner-fake-img' style='padding-bottom:100%; background-image:url(http:\/\/norddeutscher-vertriebskongress.de\/wp-ndvk\/wp-content\/uploads\/2013\/11\/IHK-Logo.jpg);'><\/span><\/div><div  class='slide-entry av-av_partner_logo-a6a9db8845ee3655437021c789f09fb0 flex_column no_margin av_one_third real-thumbnail post-entry slide-entry-overview slide-loop-11 slide-parity-even  '><span class='av-partner-fake-img' style='padding-bottom:100%; background-image:url(http:\/\/norddeutscher-vertriebskongress.de\/wp-ndvk\/wp-content\/uploads\/2013\/11\/Logo-BV-mit-Nebenzeile-aus-CP-Internet.png);'><\/span><\/div><div  class='slide-entry av-av_partner_logo-a0a07e1d237b4cffa6ef6fb02616aea9 flex_column no_margin av_one_third real-thumbnail post-entry slide-entry-overview slide-loop-12 slide-parity-odd post-entry-last '><span class='av-partner-fake-img' style='padding-bottom:100%; background-image:url(http:\/\/norddeutscher-vertriebskongress.de\/wp-ndvk\/wp-content\/uploads\/2013\/11\/AGA_CMYK.jpg);'><\/span><\/div><\/div><\/div><\/div><\/p><\/div>\n<div  class='hr av-av_hr-d3021aff4e2c88ff75459fd6b3a45a12 hr-default  avia-builder-el-33  el_after_av_one_full  avia-builder-el-last '><span class='hr-inner '><span class=\"hr-inner-style\"><\/span><\/span><\/div>\n","protected":false},"excerpt":{"rendered":"","protected":false},"author":1,"featured_media":0,"parent":0,"menu_order":0,"comment_status":"closed","ping_status":"open","template":"","meta":[],"_links":{"self":[{"href":"http:\/\/norddeutscher-vertriebskongress.de\/wp-ndvk\/wp-json\/wp\/v2\/pages\/3520"}],"collection":[{"href":"http:\/\/norddeutscher-vertriebskongress.de\/wp-ndvk\/wp-json\/wp\/v2\/pages"}],"about":[{"href":"http:\/\/norddeutscher-vertriebskongress.de\/wp-ndvk\/wp-json\/wp\/v2\/types\/page"}],"author":[{"embeddable":true,"href":"http:\/\/norddeutscher-vertriebskongress.de\/wp-ndvk\/wp-json\/wp\/v2\/users\/1"}],"replies":[{"embeddable":true,"href":"http:\/\/norddeutscher-vertriebskongress.de\/wp-ndvk\/wp-json\/wp\/v2\/comments?post=3520"}],"version-history":[{"count":20,"href":"http:\/\/norddeutscher-vertriebskongress.de\/wp-ndvk\/wp-json\/wp\/v2\/pages\/3520\/revisions"}],"predecessor-version":[{"id":4036,"href":"http:\/\/norddeutscher-vertriebskongress.de\/wp-ndvk\/wp-json\/wp\/v2\/pages\/3520\/revisions\/4036"}],"wp:attachment":[{"href":"http:\/\/norddeutscher-vertriebskongress.de\/wp-ndvk\/wp-json\/wp\/v2\/media?parent=3520"}],"curies":[{"name":"wp","href":"https:\/\/api.w.org\/{rel}","templated":true}]}}